{"id":37,"date":"2025-01-10T19:29:18","date_gmt":"2025-01-10T19:29:18","guid":{"rendered":"http:\/\/jf-vilar.pt\/?page_id=37"},"modified":"2025-04-04T10:14:10","modified_gmt":"2025-04-04T09:14:10","slug":"brevemente-junta-de-freguesia-do-vilar","status":"publish","type":"page","link":"https:\/\/jf-vilar.pt\/","title":{"rendered":""},"content":{"rendered":"\t\t<div data-elementor-type=\"wp-page\" data-elementor-id=\"37\" class=\"elementor elementor-37\">\n\t\t\t\t<div class=\"elementor-element elementor-element-f465699 e-flex e-con-boxed e-con e-parent\" data-id=\"f465699\" data-element_type=\"container\" data-settings=\"{&quot;background_background&quot;:&quot;gradient&quot;}\">\n\t\t\t\t\t<div class=\"e-con-inner\">\n\t\t\t\t<div class=\"elementor-element elementor-element-acbdfe9 elementor-widget elementor-widget-image\" data-id=\"acbdfe9\" data-element_type=\"widget\" data-widget_type=\"image.default\">\n\t\t\t\t<div class=\"elementor-widget-container\">\n\t\t\t\t\t\t\t\t\t\t\t\t\t\t\t<img fetchpriority=\"high\" decoding=\"async\" width=\"552\" height=\"147\" src=\"https:\/\/jf-vilar.pt\/wp-content\/uploads\/2025\/04\/separador_Direita.png\" class=\"attachment-large size-large wp-image-1941\" alt=\"\" srcset=\"https:\/\/jf-vilar.pt\/wp-content\/uploads\/2025\/04\/separador_Direita.png 552w, https:\/\/jf-vilar.pt\/wp-content\/uploads\/2025\/04\/separador_Direita-300x80.png 300w, https:\/\/jf-vilar.pt\/wp-content\/uploads\/2025\/04\/separador_Direita-150x40.png 150w\" sizes=\"(max-width: 552px) 100vw, 552px\" \/>\t\t\t\t\t\t\t\t\t\t\t\t\t\t\t<\/div>\n\t\t\t\t<\/div>\n\t\t\t\t\t<\/div>\n\t\t\t\t<\/div>\n\t\t<div class=\"elementor-element elementor-element-120ac1ce e-flex e-con-boxed e-con e-parent\" data-id=\"120ac1ce\" data-element_type=\"container\" data-settings=\"{&quot;background_background&quot;:&quot;gradient&quot;}\">\n\t\t\t\t\t<div class=\"e-con-inner\">\n\t\t\t\t<div class=\"elementor-element elementor-element-7eece16 elementor-widget elementor-widget-spacer\" data-id=\"7eece16\" data-element_type=\"widget\" data-widget_type=\"spacer.default\">\n\t\t\t\t<div class=\"elementor-widget-container\">\n\t\t\t\t\t\t\t<div class=\"elementor-spacer\">\n\t\t\t<div class=\"elementor-spacer-inner\"><\/div>\n\t\t<\/div>\n\t\t\t\t\t\t<\/div>\n\t\t\t\t<\/div>\n\t\t\t\t<div class=\"elementor-element elementor-element-4954eb2e elementor-widget elementor-widget-text-editor\" data-id=\"4954eb2e\" data-element_type=\"widget\" data-widget_type=\"text-editor.default\">\n\t\t\t\t<div class=\"elementor-widget-container\">\n\t\t\t\t\t\t\t\t\t<div class=\"wp-block-image\">\n<figure class=\"aligncenter size-thumbnail\"><img decoding=\"async\" width=\"125\" height=\"150\" class=\"wp-image-1041\" src=\"https:\/\/jf-vilar.pt\/wp-content\/uploads\/2018\/03\/Antonio_Joaquim-125x150.png\" alt=\"\" srcset=\"https:\/\/jf-vilar.pt\/wp-content\/uploads\/2018\/03\/Antonio_Joaquim-125x150.png 125w, https:\/\/jf-vilar.pt\/wp-content\/uploads\/2018\/03\/Antonio_Joaquim-251x300.png 251w, https:\/\/jf-vilar.pt\/wp-content\/uploads\/2018\/03\/Antonio_Joaquim.png 703w\" sizes=\"(max-width: 125px) 100vw, 125px\" \/><\/figure>\n<\/div>\n<p class=\"has-text-align-left\" style=\"text-align: left;\">Estimados Fregueses,<br \/>\u00c9 com orgulho e estima que vos sa\u00fado, uma vez mais, na qualidade de Presidente da Junta de Freguesia, mas especialmente como cidad\u00e3o, fregu\u00eas e conterr\u00e2neo.<br \/><br \/>Ser Presidente da Junta significa estar presente, estar dispon\u00edvel, conhecer o territ\u00f3rio e as pessoas na sua ess\u00eancia. As Juntas de Freguesia s\u00e3o o \u00f3rg\u00e3o mais pr\u00f3ximo das pessoas e, como tal, o primeiro a quem a popula\u00e7\u00e3o recorre. Estamos c\u00e1 todos os dias, dando sempre o nosso melhor e assim continuaremos a fazer. Da minha parte, continuo com os atendimentos presenciais \u00e0s ter\u00e7as-feiras \u00e0s 21h\/21h30 e reuni\u00f5es com os fregueses, sempre que poss\u00edvel.<\/p>\n\n<p class=\"has-text-align-left\" style=\"text-align: left;\">Nesta edi\u00e7\u00e3o aproveito para fazer um apelo \u00e0 nossa comunidade quanto \u00e0 responsabilidade social individual, referindo dois temas preocupantes para a sa\u00fade p\u00fablica e para a sustentabilidade: a escassez e desperd\u00edcio de \u00e1gua pot\u00e1vel e a problem\u00e1tica dos dejetos caninos, e por vezes de outros animais, na via p\u00fablica.<\/p>\n\n<p class=\"has-text-align-left\" style=\"text-align: left;\">A \u00e1gua pot\u00e1vel \u00e9 um recurso vital para a sobreviv\u00eancia humana, para a produ\u00e7\u00e3o agr\u00edcola e industrial, para gerar energia e para o bem-estar ambiental. A poupan\u00e7a de \u00e1gua \u00e9 essencial, por isso apelamos ao consumo consciente e reutiliza\u00e7\u00e3o da \u00e1gua pot\u00e1vel, seja atrav\u00e9s do aproveitamento da \u00e1gua da chuva, reutiliza\u00e7\u00e3o da \u00e1gua desperdi\u00e7ada enquanto aquece a \u00e1gua do banho, optar por torneiras e chuveiros eficientes e utilizar rega gota-a-gota, para mencionar apenas algumas solu\u00e7\u00f5es mais conscientes, rent\u00e1veis e sustent\u00e1veis.<\/p>\n\n<p class=\"has-text-align-left has-white-background-color has-background\" style=\"text-align: left;\">Apelo, tamb\u00e9m, \u00e0 sensibiliza\u00e7\u00e3o para que os cidad\u00e3os n\u00e3o deixem os dejetos dos seus animais nas ruas ou espa\u00e7os p\u00fablicos. Os dejetos de animais podem acarretar problemas de sa\u00fade p\u00fablica, com a propaga\u00e7\u00e3o de doen\u00e7as nos seres humanos e, ainda, problemas ambientais, com a contamina\u00e7\u00e3o do solo e da \u00e1gua. Assim, enquanto Presidente da Junta e tamb\u00e9m enquanto cidad\u00e3o e fregu\u00eas, refor\u00e7o o meu apelo para que cada um de n\u00f3s seja mais respons\u00e1vel e fa\u00e7a a sua parte.<br \/><br \/>Com toda a estima<br \/>Ant\u00f3nio Joaquim<\/p>\n\n<div class=\"wp-block-group\"><\/div>\n<!-- \/wp:group -->\t\t\t\t\t\t\t\t<\/div>\n\t\t\t\t<\/div>\n\t\t\t\t\t<\/div>\n\t\t\t\t<\/div>\n\t\t<div class=\"elementor-element elementor-element-be8fe7e e-flex e-con-boxed e-con e-parent\" data-id=\"be8fe7e\" data-element_type=\"container\" data-settings=\"{&quot;background_background&quot;:&quot;gradient&quot;}\">\n\t\t\t\t\t<div class=\"e-con-inner\">\n\t\t\t\t<div class=\"elementor-element elementor-element-162ecb9 elementor-widget elementor-widget-image\" data-id=\"162ecb9\" data-element_type=\"widget\" data-widget_type=\"image.default\">\n\t\t\t\t<div class=\"elementor-widget-container\">\n\t\t\t\t\t\t\t\t\t\t\t\t\t\t\t<img decoding=\"async\" width=\"497\" height=\"152\" src=\"https:\/\/jf-vilar.pt\/wp-content\/uploads\/2025\/04\/separador_Esquerda.png\" class=\"attachment-large size-large wp-image-1893\" alt=\"\" srcset=\"https:\/\/jf-vilar.pt\/wp-content\/uploads\/2025\/04\/separador_Esquerda.png 497w, https:\/\/jf-vilar.pt\/wp-content\/uploads\/2025\/04\/separador_Esquerda-300x92.png 300w, https:\/\/jf-vilar.pt\/wp-content\/uploads\/2025\/04\/separador_Esquerda-150x46.png 150w\" sizes=\"(max-width: 497px) 100vw, 497px\" \/>\t\t\t\t\t\t\t\t\t\t\t\t\t\t\t<\/div>\n\t\t\t\t<\/div>\n\t\t\t\t\t<\/div>\n\t\t\t\t<\/div>\n\t\t<div class=\"elementor-element elementor-element-a338302 e-flex e-con-boxed e-con e-parent\" data-id=\"a338302\" data-element_type=\"container\">\n\t\t\t\t\t<div class=\"e-con-inner\">\n\t\t\t\t<div class=\"elementor-element elementor-element-89fee68 elementor-widget elementor-widget-spacer\" data-id=\"89fee68\" data-element_type=\"widget\" data-widget_type=\"spacer.default\">\n\t\t\t\t<div class=\"elementor-widget-container\">\n\t\t\t\t\t\t\t<div class=\"elementor-spacer\">\n\t\t\t<div class=\"elementor-spacer-inner\"><\/div>\n\t\t<\/div>\n\t\t\t\t\t\t<\/div>\n\t\t\t\t<\/div>\n\t\t\t\t\t<\/div>\n\t\t\t\t<\/div>\n\t\t<div class=\"elementor-element elementor-element-3270664 e-flex e-con-boxed e-con e-parent\" data-id=\"3270664\" data-element_type=\"container\" data-settings=\"{&quot;background_background&quot;:&quot;gradient&quot;}\">\n\t\t\t\t\t<div class=\"e-con-inner\">\n\t\t\t\t<div class=\"elementor-element elementor-element-0a126cf elementor-widget__width-initial elementor-widget elementor-widget-image\" data-id=\"0a126cf\" data-element_type=\"widget\" data-widget_type=\"image.default\">\n\t\t\t\t<div class=\"elementor-widget-container\">\n\t\t\t\t\t\t\t\t\t\t\t\t\t\t\t<img fetchpriority=\"high\" decoding=\"async\" width=\"552\" height=\"147\" src=\"https:\/\/jf-vilar.pt\/wp-content\/uploads\/2025\/04\/separador_Direita.png\" class=\"attachment-large size-large wp-image-1941\" alt=\"\" srcset=\"https:\/\/jf-vilar.pt\/wp-content\/uploads\/2025\/04\/separador_Direita.png 552w, https:\/\/jf-vilar.pt\/wp-content\/uploads\/2025\/04\/separador_Direita-300x80.png 300w, https:\/\/jf-vilar.pt\/wp-content\/uploads\/2025\/04\/separador_Direita-150x40.png 150w\" sizes=\"(max-width: 552px) 100vw, 552px\" \/>\t\t\t\t\t\t\t\t\t\t\t\t\t\t\t<\/div>\n\t\t\t\t<\/div>\n\t\t\t\t\t<\/div>\n\t\t\t\t<\/div>\n\t\t<div class=\"elementor-element elementor-element-ffd46fb e-flex e-con-boxed e-con e-parent\" data-id=\"ffd46fb\" data-element_type=\"container\" data-settings=\"{&quot;background_background&quot;:&quot;gradient&quot;}\">\n\t\t\t\t\t<div class=\"e-con-inner\">\n\t\t\t\t<div class=\"elementor-element elementor-element-f6104e5 elementor-widget elementor-widget-lsvr_pressville_posts\" data-id=\"f6104e5\" data-element_type=\"widget\" data-widget_type=\"lsvr_pressville_posts.default\">\n\t\t\t\t<div class=\"elementor-widget-container\">\n\t\t\t\t\t\n<!-- PRESSVILLE POSTS : begin -->\n<section class=\"lsvr-pressville-post-grid lsvr-pressville-post-grid--posts lsvr-pressville-post-grid--layout-title-top lsvr-pressville-post-grid--no-bg\"\n    >\n    <div class=\"lsvr-pressville-post-grid__inner\">\n        <div class=\"lsvr-container\">\n            <div class=\"lsvr-pressville-post-grid__content\">\n\n                \n                    <header class=\"lsvr-pressville-post-grid__header\">\n\n                        \n                            <h2 class=\"lsvr-pressville-post-grid__title\">\u00daltimas not\u00edcias<\/h2>\n\n                        \n                        \n                        \n                        \n                            <span class=\"icon-newspaper-o lsvr-pressville-post-grid__icon\" aria-hidden=\"true\"><\/span>\n\n                        \n                    <\/header>\n\n                \n                \n                    <div class=\"lsvr-pressville-post-grid__list-wrapper\">\n\n                        <div class=\"lsvr-grid lsvr-grid--2-cols lsvr-grid--md-2-cols lsvr-grid--sm-2-cols lsvr-pressville-post-grid__list lsvr-pressville-post-grid__list--1-items\"\n                            data-columns-count=\"2\">\n\n                            \n                                <div class=\"lsvr-grid__col lsvr-grid__col--span-6 lsvr-grid__col--md-span-6 lsvr-grid__col--sm-span-6 lsvr-pressville-post-grid__item\">\n\n                                    <article class=\"lsvr-pressville-post-grid__post post-2040 post type-post status-publish format-standard has-post-thumbnail hentry category-noticias\"                                         style=\"background-image: url( https:\/\/jf-vilar.pt\/wp-content\/uploads\/2025\/03\/CASSItinerancia-1024x724.jpg );\">\n                                        <div class=\"lsvr-pressville-post-grid__post-inner\">\n                                            <div class=\"lsvr-pressville-post-grid__post-bg\">\n\n                                                <div class=\"lsvr-pressville-post-grid__post-content\">\n\n                                                    <h3 class=\"lsvr-pressville-post-grid__post-title\">\n                                                        <a href=\"https:\/\/jf-vilar.pt\/index.php\/2025\/04\/02\/rastreio-a-tensao-arterial\/\" class=\"lsvr-pressville-post-grid__post-title-link\" rel=\"bookmark\">Rastreio \u00e0 tens\u00e3o arterial<\/a>\n                                                    <\/h3>\n\n                                                    <p class=\"lsvr-pressville-post-grid__post-meta\">\n\n                                                        <span class=\"lsvr-pressville-post-grid__post-meta-date\" role=\"group\">2 de Abril, 2025<\/span>\n\n                                                        \n                                                            <span class=\"lsvr-pressville-post-grid__post-meta-categories\" role=\"group\">\n\t\t\t<span class=\"post__categories\">\n\t\t\t\tin <a href=\"https:\/\/jf-vilar.pt\/index.php\/category\/noticias\/\" class=\"post__category-link\">Noticias<\/a>\t\t\t<\/span>\n\n\t\t<\/span>\n\n                                                        \n                                                    <\/p>\n\n                                                <\/div>\n\n                                                <a href=\"https:\/\/jf-vilar.pt\/index.php\/2025\/04\/02\/rastreio-a-tensao-arterial\/\" class=\"lsvr-pressville-post-grid__post-overlay-link\">\n                                                    <span class=\"screen-reader-text\">More<\/span>\n                                                <\/a>\n\n                                            <\/div>\n                                        <\/div>\n                                    <\/article>\n\n                                <\/div>\n\n                            \n                        <\/div>\n\n                        \n                    <\/div>\n\n                \n                \n            <\/div>\n        <\/div>\n    <\/div>\n<\/section>\n<!-- PRESSVILLE POSTS : end -->\n\n\t\t\t\t<\/div>\n\t\t\t\t<\/div>\n\t\t\t\t\t<\/div>\n\t\t\t\t<\/div>\n\t\t<div class=\"elementor-element elementor-element-e27139a e-flex e-con-boxed e-con e-parent\" data-id=\"e27139a\" data-element_type=\"container\" data-settings=\"{&quot;background_background&quot;:&quot;gradient&quot;}\">\n\t\t\t\t\t<div class=\"e-con-inner\">\n\t\t\t\t<div class=\"elementor-element elementor-element-7a825cc elementor-widget elementor-widget-image\" data-id=\"7a825cc\" data-element_type=\"widget\" data-widget_type=\"image.default\">\n\t\t\t\t<div class=\"elementor-widget-container\">\n\t\t\t\t\t\t\t\t\t\t\t\t\t\t\t<img decoding=\"async\" width=\"497\" height=\"152\" src=\"https:\/\/jf-vilar.pt\/wp-content\/uploads\/2025\/04\/separador_Esquerda.png\" class=\"attachment-large size-large wp-image-1893\" alt=\"\" srcset=\"https:\/\/jf-vilar.pt\/wp-content\/uploads\/2025\/04\/separador_Esquerda.png 497w, https:\/\/jf-vilar.pt\/wp-content\/uploads\/2025\/04\/separador_Esquerda-300x92.png 300w, https:\/\/jf-vilar.pt\/wp-content\/uploads\/2025\/04\/separador_Esquerda-150x46.png 150w\" sizes=\"(max-width: 497px) 100vw, 497px\" \/>\t\t\t\t\t\t\t\t\t\t\t\t\t\t\t<\/div>\n\t\t\t\t<\/div>\n\t\t\t\t\t<\/div>\n\t\t\t\t<\/div>\n\t\t<div class=\"elementor-element elementor-element-b485138 e-flex e-con-boxed e-con e-parent\" data-id=\"b485138\" data-element_type=\"container\">\n\t\t\t\t\t<div class=\"e-con-inner\">\n\t\t\t\t<div class=\"elementor-element elementor-element-6d2417f elementor-widget elementor-widget-spacer\" data-id=\"6d2417f\" data-element_type=\"widget\" data-widget_type=\"spacer.default\">\n\t\t\t\t<div class=\"elementor-widget-container\">\n\t\t\t\t\t\t\t<div class=\"elementor-spacer\">\n\t\t\t<div class=\"elementor-spacer-inner\"><\/div>\n\t\t<\/div>\n\t\t\t\t\t\t<\/div>\n\t\t\t\t<\/div>\n\t\t\t\t\t<\/div>\n\t\t\t\t<\/div>\n\t\t<div class=\"elementor-element elementor-element-3b7d41a e-flex e-con-boxed e-con e-parent\" data-id=\"3b7d41a\" data-element_type=\"container\" data-settings=\"{&quot;background_background&quot;:&quot;gradient&quot;}\">\n\t\t\t\t\t<div class=\"e-con-inner\">\n\t\t\t\t<div class=\"elementor-element elementor-element-e36e806 elementor-widget__width-initial elementor-widget elementor-widget-image\" data-id=\"e36e806\" data-element_type=\"widget\" data-widget_type=\"image.default\">\n\t\t\t\t<div class=\"elementor-widget-container\">\n\t\t\t\t\t\t\t\t\t\t\t\t\t\t\t<img fetchpriority=\"high\" decoding=\"async\" width=\"552\" height=\"147\" src=\"https:\/\/jf-vilar.pt\/wp-content\/uploads\/2025\/04\/separador_Direita.png\" class=\"attachment-large size-large wp-image-1941\" alt=\"\" srcset=\"https:\/\/jf-vilar.pt\/wp-content\/uploads\/2025\/04\/separador_Direita.png 552w, https:\/\/jf-vilar.pt\/wp-content\/uploads\/2025\/04\/separador_Direita-300x80.png 300w, https:\/\/jf-vilar.pt\/wp-content\/uploads\/2025\/04\/separador_Direita-150x40.png 150w\" sizes=\"(max-width: 552px) 100vw, 552px\" \/>\t\t\t\t\t\t\t\t\t\t\t\t\t\t\t<\/div>\n\t\t\t\t<\/div>\n\t\t\t\t\t<\/div>\n\t\t\t\t<\/div>\n\t\t<div class=\"elementor-element elementor-element-e1b51ba e-flex e-con-boxed e-con e-parent\" data-id=\"e1b51ba\" data-element_type=\"container\" data-settings=\"{&quot;background_background&quot;:&quot;gradient&quot;}\">\n\t\t\t\t\t<div class=\"e-con-inner\">\n\t\t\t\t<div class=\"elementor-element elementor-element-16fbfa1 elementor-widget elementor-widget-lsvr_pressville_galleries\" data-id=\"16fbfa1\" data-element_type=\"widget\" data-widget_type=\"lsvr_pressville_galleries.default\">\n\t\t\t\t<div class=\"elementor-widget-container\">\n\t\t\t\t\t\n<!-- PRESSVILLE GALLERIES : begin -->\n<section class=\"lsvr-pressville-post-grid lsvr-pressville-post-grid--galleries lsvr-pressville-post-grid--layout-title-bg lsvr-pressville-post-grid--no-bg\"\n    >\n    <div class=\"lsvr-pressville-post-grid__inner\">\n        <div class=\"lsvr-container\">\n            <div class=\"lsvr-pressville-post-grid__content\">\n\n                \n                    <header class=\"lsvr-pressville-post-grid__header\">\n\n                        \n                            <h2 class=\"lsvr-pressville-post-grid__title\">Galeria Fotos<\/h2>\n\n                        \n                        \n                        \n                        \n                    <\/header>\n\n                \n                \n                    <div class=\"lsvr-pressville-post-grid__list-wrapper\">\n\n                        <div class=\"lsvr-grid lsvr-grid--2-cols lsvr-grid--md-2-cols lsvr-grid--sm-2-cols lsvr-pressville-post-grid__list lsvr-pressville-post-grid__list--4-items\"\n                            data-columns-count=\"2\">\n\n                            \n                                <div class=\"lsvr-grid__col lsvr-grid__col--span-6 lsvr-grid__col--md-span-6 lsvr-grid__col--sm-span-6 lsvr-pressville-post-grid__item\">\n\n                                    <article class=\"lsvr-pressville-post-grid__post post-1632 lsvr_gallery type-lsvr_gallery status-publish has-post-thumbnail hentry\"                                         style=\"background-image: url( https:\/\/jf-vilar.pt\/wp-content\/uploads\/2025\/03\/WEB_Vilar-2.jpg );\">\n                                        <div class=\"lsvr-pressville-post-grid__post-inner\">\n                                            <div class=\"lsvr-pressville-post-grid__post-bg\">\n\n                                                <div class=\"lsvr-pressville-post-grid__post-content\">\n\n                                                    <h3 class=\"lsvr-pressville-post-grid__post-title\">\n                                                        <a href=\"https:\/\/jf-vilar.pt\/index.php\/galleries\/vilar\/\" class=\"lsvr-pressville-post-grid__post-title-link\" rel=\"bookmark\">Vilar<\/a>\n                                                    <\/h3>\n\n                                                <\/div>\n\n                                                <p class=\"lsvr-pressville-post-grid__post-meta\">\n\n                                                    <span class=\"lsvr-pressville-post-grid__post-meta-date\" role=\"group\">14 de Mar\u00e7o, 2025<\/span>\n\n                                                    \n                                                    <span class=\"lsvr-pressville-post-grid__post-meta-images-count\">0 images<\/span>\n\n                                                <\/p>\n\n                                                <a href=\"https:\/\/jf-vilar.pt\/index.php\/galleries\/vilar\/\" class=\"lsvr-pressville-post-grid__post-overlay-link\">\n                                                    <span class=\"screen-reader-text\">More<\/span>\n                                                <\/a>\n\n                                            <\/div>\n                                        <\/div>\n                                    <\/article>\n\n                                <\/div>\n\n                            \n                                <div class=\"lsvr-grid__col lsvr-grid__col--span-6 lsvr-grid__col--md-span-6 lsvr-grid__col--sm-span-6 lsvr-pressville-post-grid__item\">\n\n                                    <article class=\"lsvr-pressville-post-grid__post post-1621 lsvr_gallery type-lsvr_gallery status-publish has-post-thumbnail hentry\"                                         style=\"background-image: url( https:\/\/jf-vilar.pt\/wp-content\/uploads\/2025\/03\/WEB_Vila-Nova-8-912x1024.jpg );\">\n                                        <div class=\"lsvr-pressville-post-grid__post-inner\">\n                                            <div class=\"lsvr-pressville-post-grid__post-bg\">\n\n                                                <div class=\"lsvr-pressville-post-grid__post-content\">\n\n                                                    <h3 class=\"lsvr-pressville-post-grid__post-title\">\n                                                        <a href=\"https:\/\/jf-vilar.pt\/index.php\/galleries\/vila-nova\/\" class=\"lsvr-pressville-post-grid__post-title-link\" rel=\"bookmark\">Vila Nova<\/a>\n                                                    <\/h3>\n\n                                                <\/div>\n\n                                                <p class=\"lsvr-pressville-post-grid__post-meta\">\n\n                                                    <span class=\"lsvr-pressville-post-grid__post-meta-date\" role=\"group\">14 de Mar\u00e7o, 2025<\/span>\n\n                                                    \n                                                    <span class=\"lsvr-pressville-post-grid__post-meta-images-count\">0 images<\/span>\n\n                                                <\/p>\n\n                                                <a href=\"https:\/\/jf-vilar.pt\/index.php\/galleries\/vila-nova\/\" class=\"lsvr-pressville-post-grid__post-overlay-link\">\n                                                    <span class=\"screen-reader-text\">More<\/span>\n                                                <\/a>\n\n                                            <\/div>\n                                        <\/div>\n                                    <\/article>\n\n                                <\/div>\n\n                            \n                                <div class=\"lsvr-grid__col lsvr-grid__col--span-6 lsvr-grid__col--md-span-6 lsvr-grid__col--sm-span-6 lsvr-pressville-post-grid__item\">\n\n                                    <article class=\"lsvr-pressville-post-grid__post post-1607 lsvr_gallery type-lsvr_gallery status-publish has-post-thumbnail hentry\"                                         style=\"background-image: url( https:\/\/jf-vilar.pt\/wp-content\/uploads\/2025\/03\/WEb_Tojeira-6.jpg );\">\n                                        <div class=\"lsvr-pressville-post-grid__post-inner\">\n                                            <div class=\"lsvr-pressville-post-grid__post-bg\">\n\n                                                <div class=\"lsvr-pressville-post-grid__post-content\">\n\n                                                    <h3 class=\"lsvr-pressville-post-grid__post-title\">\n                                                        <a href=\"https:\/\/jf-vilar.pt\/index.php\/galleries\/tojeira\/\" class=\"lsvr-pressville-post-grid__post-title-link\" rel=\"bookmark\">Tojeira<\/a>\n                                                    <\/h3>\n\n                                                <\/div>\n\n                                                <p class=\"lsvr-pressville-post-grid__post-meta\">\n\n                                                    <span class=\"lsvr-pressville-post-grid__post-meta-date\" role=\"group\">14 de Mar\u00e7o, 2025<\/span>\n\n                                                    \n                                                    <span class=\"lsvr-pressville-post-grid__post-meta-images-count\">0 images<\/span>\n\n                                                <\/p>\n\n                                                <a href=\"https:\/\/jf-vilar.pt\/index.php\/galleries\/tojeira\/\" class=\"lsvr-pressville-post-grid__post-overlay-link\">\n                                                    <span class=\"screen-reader-text\">More<\/span>\n                                                <\/a>\n\n                                            <\/div>\n                                        <\/div>\n                                    <\/article>\n\n                                <\/div>\n\n                            \n                                <div class=\"lsvr-grid__col lsvr-grid__col--span-6 lsvr-grid__col--md-span-6 lsvr-grid__col--sm-span-6 lsvr-pressville-post-grid__item\">\n\n                                    <article class=\"lsvr-pressville-post-grid__post post-1595 lsvr_gallery type-lsvr_gallery status-publish has-post-thumbnail hentry\"                                         style=\"background-image: url( https:\/\/jf-vilar.pt\/wp-content\/uploads\/2025\/03\/WEB_Rechaldeira-3.jpg );\">\n                                        <div class=\"lsvr-pressville-post-grid__post-inner\">\n                                            <div class=\"lsvr-pressville-post-grid__post-bg\">\n\n                                                <div class=\"lsvr-pressville-post-grid__post-content\">\n\n                                                    <h3 class=\"lsvr-pressville-post-grid__post-title\">\n                                                        <a href=\"https:\/\/jf-vilar.pt\/index.php\/galleries\/rechaldeira\/\" class=\"lsvr-pressville-post-grid__post-title-link\" rel=\"bookmark\">Rechaldeira<\/a>\n                                                    <\/h3>\n\n                                                <\/div>\n\n                                                <p class=\"lsvr-pressville-post-grid__post-meta\">\n\n                                                    <span class=\"lsvr-pressville-post-grid__post-meta-date\" role=\"group\">14 de Mar\u00e7o, 2025<\/span>\n\n                                                    \n                                                    <span class=\"lsvr-pressville-post-grid__post-meta-images-count\">0 images<\/span>\n\n                                                <\/p>\n\n                                                <a href=\"https:\/\/jf-vilar.pt\/index.php\/galleries\/rechaldeira\/\" class=\"lsvr-pressville-post-grid__post-overlay-link\">\n                                                    <span class=\"screen-reader-text\">More<\/span>\n                                                <\/a>\n\n                                            <\/div>\n                                        <\/div>\n                                    <\/article>\n\n                                <\/div>\n\n                            \n                        <\/div>\n\n                        \n                    <\/div>\n\n                \n                \n                    <footer class=\"lsvr-pressville-post-grid__footer\">\n\n                        <p class=\"lsvr-pressville-post-grid__more lsvr-pressville-post-grid__more--bottom\">\n\n                            \n                                <a href=\"https:\/\/jf-vilar.pt\/index.php\/galleries\/\" class=\"c-button lsvr-pressville-post-grid__more-link\">Mais fotos<\/a>\n\n                            \n                        <\/p>\n\n                    <\/footer>\n\n                \n            <\/div>\n        <\/div>\n    <\/div>\n<\/section>\n<!-- PRESSVILLE GALLERIES : end -->\n\n\t\t\t\t<\/div>\n\t\t\t\t<\/div>\n\t\t\t\t\t<\/div>\n\t\t\t\t<\/div>\n\t\t<div class=\"elementor-element elementor-element-b031e59 e-flex e-con-boxed e-con e-parent\" data-id=\"b031e59\" data-element_type=\"container\" data-settings=\"{&quot;background_background&quot;:&quot;gradient&quot;}\">\n\t\t\t\t\t<div class=\"e-con-inner\">\n\t\t\t\t<div class=\"elementor-element elementor-element-222a306 elementor-widget elementor-widget-image\" data-id=\"222a306\" data-element_type=\"widget\" data-widget_type=\"image.default\">\n\t\t\t\t<div class=\"elementor-widget-container\">\n\t\t\t\t\t\t\t\t\t\t\t\t\t\t\t<img decoding=\"async\" width=\"497\" height=\"152\" src=\"https:\/\/jf-vilar.pt\/wp-content\/uploads\/2025\/04\/separador_Esquerda.png\" class=\"attachment-large size-large wp-image-1893\" alt=\"\" srcset=\"https:\/\/jf-vilar.pt\/wp-content\/uploads\/2025\/04\/separador_Esquerda.png 497w, https:\/\/jf-vilar.pt\/wp-content\/uploads\/2025\/04\/separador_Esquerda-300x92.png 300w, https:\/\/jf-vilar.pt\/wp-content\/uploads\/2025\/04\/separador_Esquerda-150x46.png 150w\" sizes=\"(max-width: 497px) 100vw, 497px\" \/>\t\t\t\t\t\t\t\t\t\t\t\t\t\t\t<\/div>\n\t\t\t\t<\/div>\n\t\t\t\t\t<\/div>\n\t\t\t\t<\/div>\n\t\t<div class=\"elementor-element elementor-element-7ae4490 e-flex e-con-boxed e-con e-parent\" data-id=\"7ae4490\" data-element_type=\"container\">\n\t\t\t\t\t<div class=\"e-con-inner\">\n\t\t\t\t<div class=\"elementor-element elementor-element-ce297ed elementor-widget elementor-widget-spacer\" data-id=\"ce297ed\" data-element_type=\"widget\" data-widget_type=\"spacer.default\">\n\t\t\t\t<div class=\"elementor-widget-container\">\n\t\t\t\t\t\t\t<div class=\"elementor-spacer\">\n\t\t\t<div class=\"elementor-spacer-inner\"><\/div>\n\t\t<\/div>\n\t\t\t\t\t\t<\/div>\n\t\t\t\t<\/div>\n\t\t\t\t\t<\/div>\n\t\t\t\t<\/div>\n\t\t<div class=\"elementor-element elementor-element-32f873e e-flex e-con-boxed e-con e-parent\" data-id=\"32f873e\" data-element_type=\"container\" data-settings=\"{&quot;background_background&quot;:&quot;gradient&quot;}\">\n\t\t\t\t\t<div class=\"e-con-inner\">\n\t\t\t\t<div class=\"elementor-element elementor-element-39665b5 elementor-widget__width-initial elementor-widget elementor-widget-image\" data-id=\"39665b5\" data-element_type=\"widget\" data-widget_type=\"image.default\">\n\t\t\t\t<div class=\"elementor-widget-container\">\n\t\t\t\t\t\t\t\t\t\t\t\t\t\t\t<img fetchpriority=\"high\" decoding=\"async\" width=\"552\" height=\"147\" src=\"https:\/\/jf-vilar.pt\/wp-content\/uploads\/2025\/04\/separador_Direita.png\" class=\"attachment-large size-large wp-image-1941\" alt=\"\" srcset=\"https:\/\/jf-vilar.pt\/wp-content\/uploads\/2025\/04\/separador_Direita.png 552w, https:\/\/jf-vilar.pt\/wp-content\/uploads\/2025\/04\/separador_Direita-300x80.png 300w, https:\/\/jf-vilar.pt\/wp-content\/uploads\/2025\/04\/separador_Direita-150x40.png 150w\" sizes=\"(max-width: 552px) 100vw, 552px\" \/>\t\t\t\t\t\t\t\t\t\t\t\t\t\t\t<\/div>\n\t\t\t\t<\/div>\n\t\t\t\t\t<\/div>\n\t\t\t\t<\/div>\n\t\t<div class=\"elementor-element elementor-element-a257c6d e-flex e-con-boxed e-con e-parent\" data-id=\"a257c6d\" data-element_type=\"container\" data-settings=\"{&quot;background_background&quot;:&quot;gradient&quot;}\">\n\t\t\t\t\t<div class=\"e-con-inner\">\n\t\t\t\t<div class=\"elementor-element elementor-element-ef5c906 elementor-widget elementor-widget-heading\" data-id=\"ef5c906\" data-element_type=\"widget\" data-widget_type=\"heading.default\">\n\t\t\t\t<div class=\"elementor-widget-container\">\n\t\t\t\t\t<h2 class=\"elementor-heading-title elementor-size-default\">\n<h2 class=\"wp-block-heading has-text-align-center\">\u00d3RG\u00c3OS DA AUTARQUIA<\/h2><p class=\"has-text-align-center\"><strong>Quadri\u00e9nio 2021 - 2025<\/strong><\/p><\/h2>\t\t\t\t<\/div>\n\t\t\t\t<\/div>\n\t\t\t\t\t<\/div>\n\t\t\t\t<\/div>\n\t\t<div class=\"elementor-element elementor-element-59a1c78 e-grid e-con-boxed e-con e-parent\" data-id=\"59a1c78\" data-element_type=\"container\" data-settings=\"{&quot;background_background&quot;:&quot;gradient&quot;}\">\n\t\t\t\t\t<div class=\"e-con-inner\">\n\t\t\t\t<div class=\"elementor-element elementor-element-30df916 elementor-widget elementor-widget-lsvr_person_list_widget\" data-id=\"30df916\" data-element_type=\"widget\" data-widget_type=\"lsvr_person_list_widget.default\">\n\t\t\t\t<div class=\"elementor-widget-container\">\n\t\t\t\t\t\n            <div class=\"widget shortcode-widget lsvr_person-list-widget lsvr_person-list-widget--shortcode\"><div class=\"widget__inner\"><h3 class=\"widget__title\">Junta de Freguesia de Vilar<\/h3>\n<div class=\"widget__content\">\n\n\t\n\t\t<ul class=\"lsvr_person-list-widget__list\">\n\n    \t\t\n    \t\t\t<li class=\"lsvr_person-list-widget__item lsvr_person-list-widget__item--has-thumb\">\n    \t\t\t\t<div class=\"lsvr_person-list-widget__item-inner\">\n\n\t        \t\t\t\n\t        \t\t\t\t<p class=\"lsvr_person-list-widget__item-thumb\">\n\t        \t\t\t\t\t<a href=\"https:\/\/jf-vilar.pt\/index.php\/people\/antonio-joaquim\/\" class=\"lsvr_person-list-widget__item-thumb-link\">\n\t        \t\t\t\t\t\t<img loading=\"lazy\" decoding=\"async\" width=\"125\" height=\"150\" src=\"https:\/\/jf-vilar.pt\/wp-content\/uploads\/2018\/03\/Antonio_Joaquim-125x150.png\" class=\"attachment-thumbnail size-thumbnail wp-post-image\" alt=\"\" srcset=\"https:\/\/jf-vilar.pt\/wp-content\/uploads\/2018\/03\/Antonio_Joaquim-125x150.png 125w, https:\/\/jf-vilar.pt\/wp-content\/uploads\/2018\/03\/Antonio_Joaquim-251x300.png 251w, https:\/\/jf-vilar.pt\/wp-content\/uploads\/2018\/03\/Antonio_Joaquim.png 703w\" sizes=\"(max-width: 125px) 100vw, 125px\" \/>\t        \t\t\t\t\t<\/a>\n\t        \t\t\t\t<\/p>\n\n\t        \t\t\t\n\t        \t\t\t<h4 class=\"lsvr_person-list-widget__item-title\">\n\t        \t\t\t\t<a href=\"https:\/\/jf-vilar.pt\/index.php\/people\/antonio-joaquim\/\" class=\"lsvr_person-list-widget__item-title-link\">\n\t        \t\t\t\t\tAnt\u00f3nio Joaquim da Silva Pereira\t        \t\t\t\t<\/a>\n\t        \t\t\t<\/h4>\n\n\t        \t\t\t\n\t        \t\t\t\t<p class=\"lsvr_person-list-widget__item-subtitle\">\n\t\t\t\t\t\t\t\tPresidente\t        \t\t\t\t<\/p>\n\n\t        \t\t\t\n\t\t\t\t\t\t\n\t\t\t\t\t<\/div>\n    \t\t\t<\/li>\n\n    \t\t\n    \t\t\t<li class=\"lsvr_person-list-widget__item lsvr_person-list-widget__item--has-thumb\">\n    \t\t\t\t<div class=\"lsvr_person-list-widget__item-inner\">\n\n\t        \t\t\t\n\t        \t\t\t\t<p class=\"lsvr_person-list-widget__item-thumb\">\n\t        \t\t\t\t\t<a href=\"https:\/\/jf-vilar.pt\/index.php\/people\/michelle-witty\/\" class=\"lsvr_person-list-widget__item-thumb-link\">\n\t        \t\t\t\t\t\t<img loading=\"lazy\" decoding=\"async\" width=\"146\" height=\"150\" src=\"https:\/\/jf-vilar.pt\/wp-content\/uploads\/2018\/03\/Mena-146x150.jpg\" class=\"attachment-thumbnail size-thumbnail wp-post-image\" alt=\"\" srcset=\"https:\/\/jf-vilar.pt\/wp-content\/uploads\/2018\/03\/Mena-146x150.jpg 146w, https:\/\/jf-vilar.pt\/wp-content\/uploads\/2018\/03\/Mena.jpg 191w\" sizes=\"(max-width: 146px) 100vw, 146px\" \/>\t        \t\t\t\t\t<\/a>\n\t        \t\t\t\t<\/p>\n\n\t        \t\t\t\n\t        \t\t\t<h4 class=\"lsvr_person-list-widget__item-title\">\n\t        \t\t\t\t<a href=\"https:\/\/jf-vilar.pt\/index.php\/people\/michelle-witty\/\" class=\"lsvr_person-list-widget__item-title-link\">\n\t        \t\t\t\t\tMaria Filomena Pereira Leit\u00e3o\t        \t\t\t\t<\/a>\n\t        \t\t\t<\/h4>\n\n\t        \t\t\t\n\t        \t\t\t\t<p class=\"lsvr_person-list-widget__item-subtitle\">\n\t\t\t\t\t\t\t\tSecret\u00e1ria\t        \t\t\t\t<\/p>\n\n\t        \t\t\t\n\t\t\t\t\t\t\n\t\t\t\t\t<\/div>\n    \t\t\t<\/li>\n\n    \t\t\n    \t\t\t<li class=\"lsvr_person-list-widget__item lsvr_person-list-widget__item--has-thumb\">\n    \t\t\t\t<div class=\"lsvr_person-list-widget__item-inner\">\n\n\t        \t\t\t\n\t        \t\t\t\t<p class=\"lsvr_person-list-widget__item-thumb\">\n\t        \t\t\t\t\t<a href=\"https:\/\/jf-vilar.pt\/index.php\/people\/frank-johns\/\" class=\"lsvr_person-list-widget__item-thumb-link\">\n\t        \t\t\t\t\t\t<img loading=\"lazy\" decoding=\"async\" width=\"146\" height=\"150\" src=\"https:\/\/jf-vilar.pt\/wp-content\/uploads\/2018\/03\/PAULO-146x150.jpg\" class=\"attachment-thumbnail size-thumbnail wp-post-image\" alt=\"\" srcset=\"https:\/\/jf-vilar.pt\/wp-content\/uploads\/2018\/03\/PAULO-146x150.jpg 146w, https:\/\/jf-vilar.pt\/wp-content\/uploads\/2018\/03\/PAULO.jpg 191w\" sizes=\"(max-width: 146px) 100vw, 146px\" \/>\t        \t\t\t\t\t<\/a>\n\t        \t\t\t\t<\/p>\n\n\t        \t\t\t\n\t        \t\t\t<h4 class=\"lsvr_person-list-widget__item-title\">\n\t        \t\t\t\t<a href=\"https:\/\/jf-vilar.pt\/index.php\/people\/frank-johns\/\" class=\"lsvr_person-list-widget__item-title-link\">\n\t        \t\t\t\t\tPaulo Jos\u00e9 Reis Duarte\t        \t\t\t\t<\/a>\n\t        \t\t\t<\/h4>\n\n\t        \t\t\t\n\t        \t\t\t\t<p class=\"lsvr_person-list-widget__item-subtitle\">\n\t\t\t\t\t\t\t\tTesoureiro - Junta Freguesia\t        \t\t\t\t<\/p>\n\n\t        \t\t\t\n\t\t\t\t\t\t\n\t\t\t\t\t<\/div>\n    \t\t\t<\/li>\n\n    \t\t\n\t\t<\/ul>\n\n\t\t\n\t\n<\/div>\n\n<\/div><\/div>\n            \t\t\t\t<\/div>\n\t\t\t\t<\/div>\n\t\t\t\t<div class=\"elementor-element elementor-element-0d4e2ec elementor-widget elementor-widget-lsvr_person_list_widget\" data-id=\"0d4e2ec\" data-element_type=\"widget\" data-widget_type=\"lsvr_person_list_widget.default\">\n\t\t\t\t<div class=\"elementor-widget-container\">\n\t\t\t\t\t\n            <div class=\"widget shortcode-widget lsvr_person-list-widget lsvr_person-list-widget--shortcode\"><div class=\"widget__inner\"><h3 class=\"widget__title\">Assembleia de Freguesia de Vilar<\/h3>\n<div class=\"widget__content\">\n\n\t\n\t\t<ul class=\"lsvr_person-list-widget__list\">\n\n    \t\t\n    \t\t\t<li class=\"lsvr_person-list-widget__item lsvr_person-list-widget__item--has-thumb\">\n    \t\t\t\t<div class=\"lsvr_person-list-widget__item-inner\">\n\n\t        \t\t\t\n\t        \t\t\t\t<p class=\"lsvr_person-list-widget__item-thumb\">\n\t        \t\t\t\t\t<a href=\"https:\/\/jf-vilar.pt\/index.php\/people\/david-jose-gabriel\/\" class=\"lsvr_person-list-widget__item-thumb-link\">\n\t        \t\t\t\t\t\t<img loading=\"lazy\" decoding=\"async\" width=\"150\" height=\"144\" src=\"https:\/\/jf-vilar.pt\/wp-content\/uploads\/2025\/02\/DAVID-150x144.jpg\" class=\"attachment-thumbnail size-thumbnail wp-post-image\" alt=\"\" srcset=\"https:\/\/jf-vilar.pt\/wp-content\/uploads\/2025\/02\/DAVID-150x144.jpg 150w, https:\/\/jf-vilar.pt\/wp-content\/uploads\/2025\/02\/DAVID.jpg 163w\" sizes=\"(max-width: 150px) 100vw, 150px\" \/>\t        \t\t\t\t\t<\/a>\n\t        \t\t\t\t<\/p>\n\n\t        \t\t\t\n\t        \t\t\t<h4 class=\"lsvr_person-list-widget__item-title\">\n\t        \t\t\t\t<a href=\"https:\/\/jf-vilar.pt\/index.php\/people\/david-jose-gabriel\/\" class=\"lsvr_person-list-widget__item-title-link\">\n\t        \t\t\t\t\tDavid Jos\u00e9 Gabriel\t        \t\t\t\t<\/a>\n\t        \t\t\t<\/h4>\n\n\t        \t\t\t\n\t        \t\t\t\t<p class=\"lsvr_person-list-widget__item-subtitle\">\n\t\t\t\t\t\t\t\tPresidente\t        \t\t\t\t<\/p>\n\n\t        \t\t\t\n\t\t\t\t\t\t\n\t\t\t\t\t<\/div>\n    \t\t\t<\/li>\n\n    \t\t\n    \t\t\t<li class=\"lsvr_person-list-widget__item lsvr_person-list-widget__item--has-thumb\">\n    \t\t\t\t<div class=\"lsvr_person-list-widget__item-inner\">\n\n\t        \t\t\t\n\t        \t\t\t\t<p class=\"lsvr_person-list-widget__item-thumb\">\n\t        \t\t\t\t\t<a href=\"https:\/\/jf-vilar.pt\/index.php\/people\/micaela-ribeiro-barreto\/\" class=\"lsvr_person-list-widget__item-thumb-link\">\n\t        \t\t\t\t\t\t<img loading=\"lazy\" decoding=\"async\" width=\"150\" height=\"144\" src=\"https:\/\/jf-vilar.pt\/wp-content\/uploads\/2025\/02\/MICAELA-150x144.jpg\" class=\"attachment-thumbnail size-thumbnail wp-post-image\" alt=\"\" srcset=\"https:\/\/jf-vilar.pt\/wp-content\/uploads\/2025\/02\/MICAELA-150x144.jpg 150w, https:\/\/jf-vilar.pt\/wp-content\/uploads\/2025\/02\/MICAELA.jpg 163w\" sizes=\"(max-width: 150px) 100vw, 150px\" \/>\t        \t\t\t\t\t<\/a>\n\t        \t\t\t\t<\/p>\n\n\t        \t\t\t\n\t        \t\t\t<h4 class=\"lsvr_person-list-widget__item-title\">\n\t        \t\t\t\t<a href=\"https:\/\/jf-vilar.pt\/index.php\/people\/micaela-ribeiro-barreto\/\" class=\"lsvr_person-list-widget__item-title-link\">\n\t        \t\t\t\t\tMicaela Ribeiro Barreto\t        \t\t\t\t<\/a>\n\t        \t\t\t<\/h4>\n\n\t        \t\t\t\n\t        \t\t\t\t<p class=\"lsvr_person-list-widget__item-subtitle\">\n\t\t\t\t\t\t\t\t1\u00aa Secret\u00e1ria\t        \t\t\t\t<\/p>\n\n\t        \t\t\t\n\t\t\t\t\t\t\n\t\t\t\t\t<\/div>\n    \t\t\t<\/li>\n\n    \t\t\n    \t\t\t<li class=\"lsvr_person-list-widget__item lsvr_person-list-widget__item--has-thumb\">\n    \t\t\t\t<div class=\"lsvr_person-list-widget__item-inner\">\n\n\t        \t\t\t\n\t        \t\t\t\t<p class=\"lsvr_person-list-widget__item-thumb\">\n\t        \t\t\t\t\t<a href=\"https:\/\/jf-vilar.pt\/index.php\/people\/rosa-maria-quintino-mateus-diogo\/\" class=\"lsvr_person-list-widget__item-thumb-link\">\n\t        \t\t\t\t\t\t<img loading=\"lazy\" decoding=\"async\" width=\"118\" height=\"150\" src=\"https:\/\/jf-vilar.pt\/wp-content\/uploads\/2025\/02\/ROSA-118x150.jpg\" class=\"attachment-thumbnail size-thumbnail wp-post-image\" alt=\"\" srcset=\"https:\/\/jf-vilar.pt\/wp-content\/uploads\/2025\/02\/ROSA-118x150.jpg 118w, https:\/\/jf-vilar.pt\/wp-content\/uploads\/2025\/02\/ROSA.jpg 124w\" sizes=\"(max-width: 118px) 100vw, 118px\" \/>\t        \t\t\t\t\t<\/a>\n\t        \t\t\t\t<\/p>\n\n\t        \t\t\t\n\t        \t\t\t<h4 class=\"lsvr_person-list-widget__item-title\">\n\t        \t\t\t\t<a href=\"https:\/\/jf-vilar.pt\/index.php\/people\/rosa-maria-quintino-mateus-diogo\/\" class=\"lsvr_person-list-widget__item-title-link\">\n\t        \t\t\t\t\tRosa Maria Quintino Mateus Diogo\t        \t\t\t\t<\/a>\n\t        \t\t\t<\/h4>\n\n\t        \t\t\t\n\t        \t\t\t\t<p class=\"lsvr_person-list-widget__item-subtitle\">\n\t\t\t\t\t\t\t\t2\u00aa Secret\u00e1ria\t        \t\t\t\t<\/p>\n\n\t        \t\t\t\n\t\t\t\t\t\t\n\t\t\t\t\t<\/div>\n    \t\t\t<\/li>\n\n    \t\t\n\t\t<\/ul>\n\n\t\t\n\t\t\t<p class=\"widget__more\">\n\n\t\t\t\t\n\t\t\t\t\t<a href=\"https:\/\/jf-vilar.pt\/index.php\/person-category\/assembleia\/\" class=\"widget__more-link\">Mais Deputados<\/a>\n\n\t\t\t\t\n\t\t\t<\/p>\n\n\t\t\n\t\n<\/div>\n\n<\/div><\/div>\n            \t\t\t\t<\/div>\n\t\t\t\t<\/div>\n\t\t\t\t\t<\/div>\n\t\t\t\t<\/div>\n\t\t<div class=\"elementor-element elementor-element-068a764 e-flex e-con-boxed e-con e-parent\" data-id=\"068a764\" data-element_type=\"container\" data-settings=\"{&quot;background_background&quot;:&quot;gradient&quot;}\">\n\t\t\t\t\t<div class=\"e-con-inner\">\n\t\t\t\t<div class=\"elementor-element elementor-element-8978995 elementor-widget elementor-widget-image\" data-id=\"8978995\" data-element_type=\"widget\" data-widget_type=\"image.default\">\n\t\t\t\t<div class=\"elementor-widget-container\">\n\t\t\t\t\t\t\t\t\t\t\t\t\t\t\t<img decoding=\"async\" width=\"497\" height=\"152\" src=\"https:\/\/jf-vilar.pt\/wp-content\/uploads\/2025\/04\/separador_Esquerda.png\" class=\"attachment-large size-large wp-image-1893\" alt=\"\" srcset=\"https:\/\/jf-vilar.pt\/wp-content\/uploads\/2025\/04\/separador_Esquerda.png 497w, https:\/\/jf-vilar.pt\/wp-content\/uploads\/2025\/04\/separador_Esquerda-300x92.png 300w, https:\/\/jf-vilar.pt\/wp-content\/uploads\/2025\/04\/separador_Esquerda-150x46.png 150w\" sizes=\"(max-width: 497px) 100vw, 497px\" \/>\t\t\t\t\t\t\t\t\t\t\t\t\t\t\t<\/div>\n\t\t\t\t<\/div>\n\t\t\t\t\t<\/div>\n\t\t\t\t<\/div>\n\t\t<div class=\"elementor-element elementor-element-f640ebe e-flex e-con-boxed e-con e-parent\" data-id=\"f640ebe\" data-element_type=\"container\">\n\t\t\t\t\t<div class=\"e-con-inner\">\n\t\t\t\t<div class=\"elementor-element elementor-element-3ceb649 elementor-widget elementor-widget-spacer\" data-id=\"3ceb649\" data-element_type=\"widget\" data-widget_type=\"spacer.default\">\n\t\t\t\t<div class=\"elementor-widget-container\">\n\t\t\t\t\t\t\t<div class=\"elementor-spacer\">\n\t\t\t<div class=\"elementor-spacer-inner\"><\/div>\n\t\t<\/div>\n\t\t\t\t\t\t<\/div>\n\t\t\t\t<\/div>\n\t\t\t\t\t<\/div>\n\t\t\t\t<\/div>\n\t\t<div class=\"elementor-element elementor-element-338d14d e-flex e-con-boxed e-con e-parent\" data-id=\"338d14d\" data-element_type=\"container\" data-settings=\"{&quot;background_background&quot;:&quot;gradient&quot;}\">\n\t\t\t\t\t<div class=\"e-con-inner\">\n\t\t\t\t<div class=\"elementor-element elementor-element-8f30ecc elementor-widget__width-initial elementor-widget elementor-widget-image\" data-id=\"8f30ecc\" data-element_type=\"widget\" data-widget_type=\"image.default\">\n\t\t\t\t<div class=\"elementor-widget-container\">\n\t\t\t\t\t\t\t\t\t\t\t\t\t\t\t<img fetchpriority=\"high\" decoding=\"async\" width=\"552\" height=\"147\" src=\"https:\/\/jf-vilar.pt\/wp-content\/uploads\/2025\/04\/separador_Direita.png\" class=\"attachment-large size-large wp-image-1941\" alt=\"\" srcset=\"https:\/\/jf-vilar.pt\/wp-content\/uploads\/2025\/04\/separador_Direita.png 552w, https:\/\/jf-vilar.pt\/wp-content\/uploads\/2025\/04\/separador_Direita-300x80.png 300w, https:\/\/jf-vilar.pt\/wp-content\/uploads\/2025\/04\/separador_Direita-150x40.png 150w\" sizes=\"(max-width: 552px) 100vw, 552px\" \/>\t\t\t\t\t\t\t\t\t\t\t\t\t\t\t<\/div>\n\t\t\t\t<\/div>\n\t\t\t\t\t<\/div>\n\t\t\t\t<\/div>\n\t\t<div class=\"elementor-element elementor-element-56ba513 e-flex e-con-boxed e-con e-parent\" data-id=\"56ba513\" data-element_type=\"container\" data-settings=\"{&quot;background_background&quot;:&quot;gradient&quot;}\">\n\t\t\t\t\t<div class=\"e-con-inner\">\n\t\t\t\t<div class=\"elementor-element elementor-element-39b1f41 elementor-widget elementor-widget-lsvr_pressville_directory\" data-id=\"39b1f41\" data-element_type=\"widget\" data-widget_type=\"lsvr_pressville_directory.default\">\n\t\t\t\t<div class=\"elementor-widget-container\">\n\t\t\t\t\t\n<!-- PRESSVILLE DIRECTORY : begin -->\n<section class=\"lsvr-pressville-post-grid lsvr-pressville-post-grid--directory lsvr-pressville-post-grid--layout-title-top lsvr-pressville-post-grid--no-bg\"\n    >\n    <div class=\"lsvr-pressville-post-grid__inner\">\n        <div class=\"lsvr-container\">\n            <div class=\"lsvr-pressville-post-grid__content\">\n\n                \n                    <header class=\"lsvr-pressville-post-grid__header\">\n\n                        \n                            <h2 class=\"lsvr-pressville-post-grid__title\">Associa\u00e7\u00f5es<\/h2>\n\n                        \n                        \n                        \n                        \n                            <span class=\"icon-location-map lsvr-pressville-post-grid__icon\" aria-hidden=\"true\"><\/span>\n\n                        \n                    <\/header>\n\n                \n                \n                    <div class=\"lsvr-pressville-post-grid__list-wrapper\">\n\n                        <div class=\"lsvr-grid lsvr-grid--4-cols lsvr-grid--md-2-cols lsvr-grid--sm-2-cols lsvr-pressville-post-grid__list lsvr-pressville-post-grid__list--8-items\"\n                            data-columns-count=\"4\">\n\n                            \n                                <div class=\"lsvr-grid__col lsvr-grid__col--span-3 lsvr-grid__col--md-span-6 lsvr-grid__col--sm-span-6 lsvr-pressville-post-grid__item\">\n\n                                    <article class=\"lsvr-pressville-post-grid__post post-1516 lsvr_listing type-lsvr_listing status-publish has-post-thumbnail hentry lsvr_listing_cat-associacao\"                                         style=\"background-image: url( https:\/\/jf-vilar.pt\/wp-content\/uploads\/2025\/03\/AMV-300x285.png );\">\n                                        <div class=\"lsvr-pressville-post-grid__post-inner\">\n                                            <div class=\"lsvr-pressville-post-grid__post-bg\">\n\n                                                <div class=\"lsvr-pressville-post-grid__post-content\">\n\n                                                    <h3 class=\"lsvr-pressville-post-grid__post-title\">\n                                                        <a href=\"https:\/\/jf-vilar.pt\/index.php\/directory\/amfv-associacao-mutualista-da-freguesia-de-vilar\/\" class=\"lsvr-pressville-post-grid__post-title-link\" rel=\"bookmark\">AMFV \u2013 Associa\u00e7\u00e3o Mutualista da Freguesia de Vilar<\/a>\n                                                    <\/h3>\n\n                                                    \n                                                <\/div>\n\n                                                \n                                                <a href=\"https:\/\/jf-vilar.pt\/index.php\/directory\/amfv-associacao-mutualista-da-freguesia-de-vilar\/\" class=\"lsvr-pressville-post-grid__post-overlay-link\">\n                                                    <span class=\"screen-reader-text\">More<\/span>\n                                                <\/a>\n\n                                            <\/div>\n                                        <\/div>\n                                    <\/article>\n\n                                <\/div>\n\n                            \n                                <div class=\"lsvr-grid__col lsvr-grid__col--span-3 lsvr-grid__col--md-span-6 lsvr-grid__col--sm-span-6 lsvr-pressville-post-grid__item\">\n\n                                    <article class=\"lsvr-pressville-post-grid__post post-1509 lsvr_listing type-lsvr_listing status-publish has-post-thumbnail hentry lsvr_listing_cat-associacao\"                                         style=\"background-image: url( https:\/\/jf-vilar.pt\/wp-content\/uploads\/2025\/03\/musica_vilar-300x226.jpg );\">\n                                        <div class=\"lsvr-pressville-post-grid__post-inner\">\n                                            <div class=\"lsvr-pressville-post-grid__post-bg\">\n\n                                                <div class=\"lsvr-pressville-post-grid__post-content\">\n\n                                                    <h3 class=\"lsvr-pressville-post-grid__post-title\">\n                                                        <a href=\"https:\/\/jf-vilar.pt\/index.php\/directory\/amv-associacao-musical-vilarense\/\" class=\"lsvr-pressville-post-grid__post-title-link\" rel=\"bookmark\">AMV \u2013 Associa\u00e7\u00e3o Musical Vilarense<\/a>\n                                                    <\/h3>\n\n                                                    \n                                                <\/div>\n\n                                                \n                                                <a href=\"https:\/\/jf-vilar.pt\/index.php\/directory\/amv-associacao-musical-vilarense\/\" class=\"lsvr-pressville-post-grid__post-overlay-link\">\n                                                    <span class=\"screen-reader-text\">More<\/span>\n                                                <\/a>\n\n                                            <\/div>\n                                        <\/div>\n                                    <\/article>\n\n                                <\/div>\n\n                            \n                                <div class=\"lsvr-grid__col lsvr-grid__col--span-3 lsvr-grid__col--md-span-6 lsvr-grid__col--sm-span-6 lsvr-pressville-post-grid__item\">\n\n                                    <article class=\"lsvr-pressville-post-grid__post post-1500 lsvr_listing type-lsvr_listing status-publish has-post-thumbnail hentry lsvr_listing_cat-associacao\"                                         style=\"background-image: url( https:\/\/jf-vilar.pt\/wp-content\/uploads\/2025\/03\/LOGOGDV-294x300.jpg );\">\n                                        <div class=\"lsvr-pressville-post-grid__post-inner\">\n                                            <div class=\"lsvr-pressville-post-grid__post-bg\">\n\n                                                <div class=\"lsvr-pressville-post-grid__post-content\">\n\n                                                    <h3 class=\"lsvr-pressville-post-grid__post-title\">\n                                                        <a href=\"https:\/\/jf-vilar.pt\/index.php\/directory\/gdv-grupo-desportivo-vilarense\/\" class=\"lsvr-pressville-post-grid__post-title-link\" rel=\"bookmark\">GDV \u2013 Grupo Desportivo Vilarense<\/a>\n                                                    <\/h3>\n\n                                                    \n                                                        <p class=\"lsvr-pressville-post-grid__post-address\">\n                                                            Grupo Desportivo Vilarense, <br \/>\r\nR. dos Arneiros 3<br \/>\r\nVilar                                                        <\/p>\n\n                                                    \n                                                <\/div>\n\n                                                \n                                                <a href=\"https:\/\/jf-vilar.pt\/index.php\/directory\/gdv-grupo-desportivo-vilarense\/\" class=\"lsvr-pressville-post-grid__post-overlay-link\">\n                                                    <span class=\"screen-reader-text\">More<\/span>\n                                                <\/a>\n\n                                            <\/div>\n                                        <\/div>\n                                    <\/article>\n\n                                <\/div>\n\n                            \n                                <div class=\"lsvr-grid__col lsvr-grid__col--span-3 lsvr-grid__col--md-span-6 lsvr-grid__col--sm-span-6 lsvr-pressville-post-grid__item\">\n\n                                    <article class=\"lsvr-pressville-post-grid__post post-1477 lsvr_listing type-lsvr_listing status-publish has-post-thumbnail hentry lsvr_listing_cat-associacao\"                                         style=\"background-image: url( https:\/\/jf-vilar.pt\/wp-content\/uploads\/2025\/02\/Palhais_logo-300x300.jpg );\">\n                                        <div class=\"lsvr-pressville-post-grid__post-inner\">\n                                            <div class=\"lsvr-pressville-post-grid__post-bg\">\n\n                                                <div class=\"lsvr-pressville-post-grid__post-content\">\n\n                                                    <h3 class=\"lsvr-pressville-post-grid__post-title\">\n                                                        <a href=\"https:\/\/jf-vilar.pt\/index.php\/directory\/uap-uniao-dos-amigos-de-palhais\/\" class=\"lsvr-pressville-post-grid__post-title-link\" rel=\"bookmark\">UAP \u2013 Uni\u00e3o dos Amigos de Palhais<\/a>\n                                                    <\/h3>\n\n                                                    \n                                                        <p class=\"lsvr-pressville-post-grid__post-address\">\n                                                            Rua 26 de Dezembro, n.\u00ba 41 (Sede Uni\u00e3o Amigos Palhais) - Palhais                                                        <\/p>\n\n                                                    \n                                                <\/div>\n\n                                                \n                                                <a href=\"https:\/\/jf-vilar.pt\/index.php\/directory\/uap-uniao-dos-amigos-de-palhais\/\" class=\"lsvr-pressville-post-grid__post-overlay-link\">\n                                                    <span class=\"screen-reader-text\">More<\/span>\n                                                <\/a>\n\n                                            <\/div>\n                                        <\/div>\n                                    <\/article>\n\n                                <\/div>\n\n                            \n                                <div class=\"lsvr-grid__col lsvr-grid__col--span-3 lsvr-grid__col--md-span-6 lsvr-grid__col--sm-span-6 lsvr-pressville-post-grid__item\">\n\n                                    <article class=\"lsvr-pressville-post-grid__post post-1454 lsvr_listing type-lsvr_listing status-publish has-post-thumbnail hentry lsvr_listing_cat-associacao\"                                         style=\"background-image: url( https:\/\/jf-vilar.pt\/wp-content\/uploads\/2025\/02\/associacao1.png );\">\n                                        <div class=\"lsvr-pressville-post-grid__post-inner\">\n                                            <div class=\"lsvr-pressville-post-grid__post-bg\">\n\n                                                <div class=\"lsvr-pressville-post-grid__post-content\">\n\n                                                    <h3 class=\"lsvr-pressville-post-grid__post-title\">\n                                                        <a href=\"https:\/\/jf-vilar.pt\/index.php\/directory\/amcd-vila-nova-associacao-de-melhoramentos-cultura-e-desporto-de-vila-nova-da-serra\/\" class=\"lsvr-pressville-post-grid__post-title-link\" rel=\"bookmark\">AMCD Vila Nova \u2013 Associa\u00e7\u00e3o de Melhoramentos, Cultura e Desporto de Vila Nova da Serra<\/a>\n                                                    <\/h3>\n\n                                                    \n                                                <\/div>\n\n                                                \n                                                <a href=\"https:\/\/jf-vilar.pt\/index.php\/directory\/amcd-vila-nova-associacao-de-melhoramentos-cultura-e-desporto-de-vila-nova-da-serra\/\" class=\"lsvr-pressville-post-grid__post-overlay-link\">\n                                                    <span class=\"screen-reader-text\">More<\/span>\n                                                <\/a>\n\n                                            <\/div>\n                                        <\/div>\n                                    <\/article>\n\n                                <\/div>\n\n                            \n                                <div class=\"lsvr-grid__col lsvr-grid__col--span-3 lsvr-grid__col--md-span-6 lsvr-grid__col--sm-span-6 lsvr-pressville-post-grid__item\">\n\n                                    <article class=\"lsvr-pressville-post-grid__post post-1451 lsvr_listing type-lsvr_listing status-publish has-post-thumbnail hentry lsvr_listing_cat-associacao\"                                         style=\"background-image: url( https:\/\/jf-vilar.pt\/wp-content\/uploads\/2025\/02\/tojeira.jpg );\">\n                                        <div class=\"lsvr-pressville-post-grid__post-inner\">\n                                            <div class=\"lsvr-pressville-post-grid__post-bg\">\n\n                                                <div class=\"lsvr-pressville-post-grid__post-content\">\n\n                                                    <h3 class=\"lsvr-pressville-post-grid__post-title\">\n                                                        <a href=\"https:\/\/jf-vilar.pt\/index.php\/directory\/acs-tojeira-associacao-cultural-e-social-da-tojeira\/\" class=\"lsvr-pressville-post-grid__post-title-link\" rel=\"bookmark\">ACS Tojeira \u2013 Associa\u00e7\u00e3o Cultural e Social da Tojeira<\/a>\n                                                    <\/h3>\n\n                                                    \n                                                <\/div>\n\n                                                \n                                                <a href=\"https:\/\/jf-vilar.pt\/index.php\/directory\/acs-tojeira-associacao-cultural-e-social-da-tojeira\/\" class=\"lsvr-pressville-post-grid__post-overlay-link\">\n                                                    <span class=\"screen-reader-text\">More<\/span>\n                                                <\/a>\n\n                                            <\/div>\n                                        <\/div>\n                                    <\/article>\n\n                                <\/div>\n\n                            \n                                <div class=\"lsvr-grid__col lsvr-grid__col--span-3 lsvr-grid__col--md-span-6 lsvr-grid__col--sm-span-6 lsvr-pressville-post-grid__item\">\n\n                                    <article class=\"lsvr-pressville-post-grid__post post-1429 lsvr_listing type-lsvr_listing status-publish has-post-thumbnail hentry lsvr_listing_cat-associacao\"                                         style=\"background-image: url( https:\/\/jf-vilar.pt\/wp-content\/uploads\/2025\/02\/PEREIRO.jpg );\">\n                                        <div class=\"lsvr-pressville-post-grid__post-inner\">\n                                            <div class=\"lsvr-pressville-post-grid__post-bg\">\n\n                                                <div class=\"lsvr-pressville-post-grid__post-content\">\n\n                                                    <h3 class=\"lsvr-pressville-post-grid__post-title\">\n                                                        <a href=\"https:\/\/jf-vilar.pt\/index.php\/directory\/acdrm-pereiro-associacao-cultural-desportiva-recreativa-e-melhoramentos-do-pereiro\/\" class=\"lsvr-pressville-post-grid__post-title-link\" rel=\"bookmark\">ACDRM Pereiro \u2013 Associa\u00e7\u00e3o Cultural, Desportiva, Recreativa e Melhoramentos do Pereiro<\/a>\n                                                    <\/h3>\n\n                                                    \n                                                        <p class=\"lsvr-pressville-post-grid__post-address\">\n                                                            Rua Principal, 25 , Pereiro, Portugal                                                        <\/p>\n\n                                                    \n                                                <\/div>\n\n                                                \n                                                <a href=\"https:\/\/jf-vilar.pt\/index.php\/directory\/acdrm-pereiro-associacao-cultural-desportiva-recreativa-e-melhoramentos-do-pereiro\/\" class=\"lsvr-pressville-post-grid__post-overlay-link\">\n                                                    <span class=\"screen-reader-text\">More<\/span>\n                                                <\/a>\n\n                                            <\/div>\n                                        <\/div>\n                                    <\/article>\n\n                                <\/div>\n\n                            \n                                <div class=\"lsvr-grid__col lsvr-grid__col--span-3 lsvr-grid__col--md-span-6 lsvr-grid__col--sm-span-6 lsvr-pressville-post-grid__item\">\n\n                                    <article class=\"lsvr-pressville-post-grid__post post-351 lsvr_listing type-lsvr_listing status-publish has-post-thumbnail hentry lsvr_listing_cat-associacao lsvr_listing_tag-associacao lsvr_listing_tag-desportiva-recreativa\"                                         style=\"background-image: url( https:\/\/jf-vilar.pt\/wp-content\/uploads\/2025\/02\/Avenal-291x300.png );\">\n                                        <div class=\"lsvr-pressville-post-grid__post-inner\">\n                                            <div class=\"lsvr-pressville-post-grid__post-bg\">\n\n                                                <div class=\"lsvr-pressville-post-grid__post-content\">\n\n                                                    <h3 class=\"lsvr-pressville-post-grid__post-title\">\n                                                        <a href=\"https:\/\/jf-vilar.pt\/index.php\/directory\/bowling-point\/\" class=\"lsvr-pressville-post-grid__post-title-link\" rel=\"bookmark\">ADRM Avenal \u2013 Associa\u00e7\u00e3o Desportiva Recreativa e de Melhoramentos do Avenal<\/a>\n                                                    <\/h3>\n\n                                                    \n                                                <\/div>\n\n                                                \n                                                <a href=\"https:\/\/jf-vilar.pt\/index.php\/directory\/bowling-point\/\" class=\"lsvr-pressville-post-grid__post-overlay-link\">\n                                                    <span class=\"screen-reader-text\">More<\/span>\n                                                <\/a>\n\n                                            <\/div>\n                                        <\/div>\n                                    <\/article>\n\n                                <\/div>\n\n                            \n                        <\/div>\n\n                        \n                    <\/div>\n\n                \n                \n                    <footer class=\"lsvr-pressville-post-grid__footer\">\n\n                        <p class=\"lsvr-pressville-post-grid__more lsvr-pressville-post-grid__more--bottom\">\n\n                            \n                                <a href=\"https:\/\/jf-vilar.pt\/index.php\/directory-category\/associacao\/\" class=\"c-button lsvr-pressville-post-grid__more-link\">Mais Associa\u00e7\u00f5es<\/a>\n\n                            \n                        <\/p>\n\n                    <\/footer>\n\n                \n            <\/div>\n        <\/div>\n    <\/div>\n<\/section>\n<!-- PRESSVILLE DIRECTORY : end -->\n\n\t\t\t\t<\/div>\n\t\t\t\t<\/div>\n\t\t\t\t\t<\/div>\n\t\t\t\t<\/div>\n\t\t<div class=\"elementor-element elementor-element-1f480fe e-flex e-con-boxed e-con e-parent\" data-id=\"1f480fe\" data-element_type=\"container\" data-settings=\"{&quot;background_background&quot;:&quot;gradient&quot;}\">\n\t\t\t\t\t<div class=\"e-con-inner\">\n\t\t\t\t<div class=\"elementor-element elementor-element-f15bf1b elementor-widget elementor-widget-image\" data-id=\"f15bf1b\" data-element_type=\"widget\" data-widget_type=\"image.default\">\n\t\t\t\t<div class=\"elementor-widget-container\">\n\t\t\t\t\t\t\t\t\t\t\t\t\t\t\t<img decoding=\"async\" width=\"497\" height=\"152\" src=\"https:\/\/jf-vilar.pt\/wp-content\/uploads\/2025\/04\/separador_Esquerda.png\" class=\"attachment-large size-large wp-image-1893\" alt=\"\" srcset=\"https:\/\/jf-vilar.pt\/wp-content\/uploads\/2025\/04\/separador_Esquerda.png 497w, https:\/\/jf-vilar.pt\/wp-content\/uploads\/2025\/04\/separador_Esquerda-300x92.png 300w, https:\/\/jf-vilar.pt\/wp-content\/uploads\/2025\/04\/separador_Esquerda-150x46.png 150w\" sizes=\"(max-width: 497px) 100vw, 497px\" \/>\t\t\t\t\t\t\t\t\t\t\t\t\t\t\t<\/div>\n\t\t\t\t<\/div>\n\t\t\t\t\t<\/div>\n\t\t\t\t<\/div>\n\t\t<div class=\"elementor-element elementor-element-d1c0db8 e-flex e-con-boxed e-con e-parent\" data-id=\"d1c0db8\" data-element_type=\"container\">\n\t\t\t\t\t<div class=\"e-con-inner\">\n\t\t\t\t<div class=\"elementor-element elementor-element-335c829 elementor-widget elementor-widget-spacer\" data-id=\"335c829\" data-element_type=\"widget\" data-widget_type=\"spacer.default\">\n\t\t\t\t<div class=\"elementor-widget-container\">\n\t\t\t\t\t\t\t<div class=\"elementor-spacer\">\n\t\t\t<div class=\"elementor-spacer-inner\"><\/div>\n\t\t<\/div>\n\t\t\t\t\t\t<\/div>\n\t\t\t\t<\/div>\n\t\t\t\t\t<\/div>\n\t\t\t\t<\/div>\n\t\t<div class=\"elementor-element elementor-element-f50caa4 e-flex e-con-boxed e-con e-parent\" data-id=\"f50caa4\" data-element_type=\"container\" data-settings=\"{&quot;background_background&quot;:&quot;gradient&quot;}\">\n\t\t\t\t\t<div class=\"e-con-inner\">\n\t\t\t\t<div class=\"elementor-element elementor-element-3f4c529 elementor-widget__width-initial elementor-widget elementor-widget-image\" data-id=\"3f4c529\" data-element_type=\"widget\" data-widget_type=\"image.default\">\n\t\t\t\t<div class=\"elementor-widget-container\">\n\t\t\t\t\t\t\t\t\t\t\t\t\t\t\t<img fetchpriority=\"high\" decoding=\"async\" width=\"552\" height=\"147\" src=\"https:\/\/jf-vilar.pt\/wp-content\/uploads\/2025\/04\/separador_Direita.png\" class=\"attachment-large size-large wp-image-1941\" alt=\"\" srcset=\"https:\/\/jf-vilar.pt\/wp-content\/uploads\/2025\/04\/separador_Direita.png 552w, https:\/\/jf-vilar.pt\/wp-content\/uploads\/2025\/04\/separador_Direita-300x80.png 300w, https:\/\/jf-vilar.pt\/wp-content\/uploads\/2025\/04\/separador_Direita-150x40.png 150w\" sizes=\"(max-width: 552px) 100vw, 552px\" \/>\t\t\t\t\t\t\t\t\t\t\t\t\t\t\t<\/div>\n\t\t\t\t<\/div>\n\t\t\t\t\t<\/div>\n\t\t\t\t<\/div>\n\t\t<div class=\"elementor-element elementor-element-4055381 e-flex e-con-boxed e-con e-parent\" data-id=\"4055381\" data-element_type=\"container\" data-settings=\"{&quot;background_background&quot;:&quot;classic&quot;}\">\n\t\t\t\t\t<div class=\"e-con-inner\">\n\t\t\t\t<div class=\"elementor-element elementor-element-b089b78 elementor-widget elementor-widget-lsvr_document_list_widget\" data-id=\"b089b78\" data-element_type=\"widget\" data-widget_type=\"lsvr_document_list_widget.default\">\n\t\t\t\t<div class=\"elementor-widget-container\">\n\t\t\t\t\t\n            <div class=\"widget shortcode-widget lsvr_document-list-widget lsvr_document-list-widget--shortcode\"><div class=\"widget__inner\"><h3 class=\"widget__title\">\u00daltimos documentos actualizados<\/h3>\n<div class=\"widget__content\">\n\n\t\n\t\t<ul class=\"lsvr_document-list-widget__list\">\n\n    \t\t\n    \t\t\t<li class=\"lsvr_document-list-widget__item\">\n\n        \t\t\t<h4 class=\"lsvr_document-list-widget__item-title\">\n        \t\t\t\t<a href=\"https:\/\/jf-vilar.pt\/index.php\/documents\/ata-assembleia-de-freguesia\/\" class=\"lsvr_document-list-widget__item-title-link\">\n        \t\t\t\t\tAta Assembleia de Freguesia        \t\t\t\t<\/a>\n        \t\t\t<\/h4>\n\n        \t\t\t\n    \t\t\t<\/li>\n\n    \t\t\n    \t\t\t<li class=\"lsvr_document-list-widget__item\">\n\n        \t\t\t<h4 class=\"lsvr_document-list-widget__item-title\">\n        \t\t\t\t<a href=\"https:\/\/jf-vilar.pt\/index.php\/documents\/protocolo-delegacao-competencias-da-camara-nas-juntas-de-freguesia\/\" class=\"lsvr_document-list-widget__item-title-link\">\n        \t\t\t\t\tRegulamentos        \t\t\t\t<\/a>\n        \t\t\t<\/h4>\n\n        \t\t\t\n    \t\t\t<\/li>\n\n    \t\t\n    \t\t\t<li class=\"lsvr_document-list-widget__item\">\n\n        \t\t\t<h4 class=\"lsvr_document-list-widget__item-title\">\n        \t\t\t\t<a href=\"https:\/\/jf-vilar.pt\/index.php\/documents\/ata-da-junta-de-freguesia\/\" class=\"lsvr_document-list-widget__item-title-link\">\n        \t\t\t\t\tAta da Junta de Freguesia        \t\t\t\t<\/a>\n        \t\t\t<\/h4>\n\n        \t\t\t\n    \t\t\t<\/li>\n\n    \t\t\n    \t\t\t<li class=\"lsvr_document-list-widget__item\">\n\n        \t\t\t<h4 class=\"lsvr_document-list-widget__item-title\">\n        \t\t\t\t<a href=\"https:\/\/jf-vilar.pt\/index.php\/documents\/proposta-de-orcamento-para-2025\/\" class=\"lsvr_document-list-widget__item-title-link\">\n        \t\t\t\t\tPresta\u00e7\u00e3o de Contas        \t\t\t\t<\/a>\n        \t\t\t<\/h4>\n\n        \t\t\t\n    \t\t\t<\/li>\n\n    \t\t\n    \t\t\t<li class=\"lsvr_document-list-widget__item\">\n\n        \t\t\t<h4 class=\"lsvr_document-list-widget__item-title\">\n        \t\t\t\t<a href=\"https:\/\/jf-vilar.pt\/index.php\/documents\/orcamento-2025\/\" class=\"lsvr_document-list-widget__item-title-link\">\n        \t\t\t\t\tOr\u00e7amentos        \t\t\t\t<\/a>\n        \t\t\t<\/h4>\n\n        \t\t\t\n    \t\t\t<\/li>\n\n    \t\t\n    \t\t\t<li class=\"lsvr_document-list-widget__item\">\n\n        \t\t\t<h4 class=\"lsvr_document-list-widget__item-title\">\n        \t\t\t\t<a href=\"https:\/\/jf-vilar.pt\/index.php\/documents\/town-board-application\/\" class=\"lsvr_document-list-widget__item-title-link\">\n        \t\t\t\t\tBoletim N\u00ba 45 &#8211; 2023        \t\t\t\t<\/a>\n        \t\t\t<\/h4>\n\n        \t\t\t\n        \t\t\t\t<div class=\"lsvr_document-list-widget__item-info\">\n\n\t\t\t\t\t\t\t\n\t\t\t\t\t\t\t\n\t\t\t\t\t\t\t\t<p class=\"lsvr_document-list-widget__item-count\">\n\t\t\t\t\t\t\t\t\t1 attachment\t\t\t\t\t\t\t\t<\/p>\n\n\t\t\t\t\t\t\t\n        \t\t\t\t<\/div>\n\n        \t\t\t\n    \t\t\t<\/li>\n\n    \t\t\n\t\t<\/ul>\n\n\t\t\n\t\n<\/div>\n\n<\/div><\/div>\n            \t\t\t\t<\/div>\n\t\t\t\t<\/div>\n\t\t\t\t\t<\/div>\n\t\t\t\t<\/div>\n\t\t<div class=\"elementor-element elementor-element-d5607a2 e-flex e-con-boxed e-con e-parent\" data-id=\"d5607a2\" data-element_type=\"container\" data-settings=\"{&quot;background_background&quot;:&quot;gradient&quot;}\">\n\t\t\t\t\t<div class=\"e-con-inner\">\n\t\t\t\t<div class=\"elementor-element elementor-element-4cc8280 elementor-widget elementor-widget-image\" data-id=\"4cc8280\" data-element_type=\"widget\" data-widget_type=\"image.default\">\n\t\t\t\t<div class=\"elementor-widget-container\">\n\t\t\t\t\t\t\t\t\t\t\t\t\t\t\t<img decoding=\"async\" width=\"497\" height=\"152\" src=\"https:\/\/jf-vilar.pt\/wp-content\/uploads\/2025\/04\/separador_Esquerda.png\" class=\"attachment-large size-large wp-image-1893\" alt=\"\" srcset=\"https:\/\/jf-vilar.pt\/wp-content\/uploads\/2025\/04\/separador_Esquerda.png 497w, https:\/\/jf-vilar.pt\/wp-content\/uploads\/2025\/04\/separador_Esquerda-300x92.png 300w, https:\/\/jf-vilar.pt\/wp-content\/uploads\/2025\/04\/separador_Esquerda-150x46.png 150w\" sizes=\"(max-width: 497px) 100vw, 497px\" \/>\t\t\t\t\t\t\t\t\t\t\t\t\t\t\t<\/div>\n\t\t\t\t<\/div>\n\t\t\t\t\t<\/div>\n\t\t\t\t<\/div>\n\t\t<div class=\"elementor-element elementor-element-6948b59 e-flex e-con-boxed e-con e-parent\" data-id=\"6948b59\" data-element_type=\"container\">\n\t\t\t\t\t<div class=\"e-con-inner\">\n\t\t\t\t<div class=\"elementor-element elementor-element-80cb167 elementor-widget elementor-widget-spacer\" data-id=\"80cb167\" data-element_type=\"widget\" data-widget_type=\"spacer.default\">\n\t\t\t\t<div class=\"elementor-widget-container\">\n\t\t\t\t\t\t\t<div class=\"elementor-spacer\">\n\t\t\t<div class=\"elementor-spacer-inner\"><\/div>\n\t\t<\/div>\n\t\t\t\t\t\t<\/div>\n\t\t\t\t<\/div>\n\t\t\t\t\t<\/div>\n\t\t\t\t<\/div>\n\t\t<div class=\"elementor-element elementor-element-3060a7d e-flex e-con-boxed e-con e-parent\" data-id=\"3060a7d\" data-element_type=\"container\" data-settings=\"{&quot;background_background&quot;:&quot;gradient&quot;}\">\n\t\t\t\t\t<div class=\"e-con-inner\">\n\t\t\t\t<div class=\"elementor-element elementor-element-752a469 elementor-widget__width-initial elementor-widget elementor-widget-image\" data-id=\"752a469\" data-element_type=\"widget\" data-widget_type=\"image.default\">\n\t\t\t\t<div class=\"elementor-widget-container\">\n\t\t\t\t\t\t\t\t\t\t\t\t\t\t\t<img fetchpriority=\"high\" decoding=\"async\" width=\"552\" height=\"147\" src=\"https:\/\/jf-vilar.pt\/wp-content\/uploads\/2025\/04\/separador_Direita.png\" class=\"attachment-large size-large wp-image-1941\" alt=\"\" srcset=\"https:\/\/jf-vilar.pt\/wp-content\/uploads\/2025\/04\/separador_Direita.png 552w, https:\/\/jf-vilar.pt\/wp-content\/uploads\/2025\/04\/separador_Direita-300x80.png 300w, https:\/\/jf-vilar.pt\/wp-content\/uploads\/2025\/04\/separador_Direita-150x40.png 150w\" sizes=\"(max-width: 552px) 100vw, 552px\" \/>\t\t\t\t\t\t\t\t\t\t\t\t\t\t\t<\/div>\n\t\t\t\t<\/div>\n\t\t\t\t\t<\/div>\n\t\t\t\t<\/div>\n\t\t<div class=\"elementor-element elementor-element-ecbab98 e-con-full e-flex e-con e-parent\" data-id=\"ecbab98\" data-element_type=\"container\" data-settings=\"{&quot;background_background&quot;:&quot;gradient&quot;}\">\n\t\t\t\t<div class=\"elementor-element elementor-element-7fba9a6 elementor-widget elementor-widget-heading\" data-id=\"7fba9a6\" data-element_type=\"widget\" data-widget_type=\"heading.default\">\n\t\t\t\t<div class=\"elementor-widget-container\">\n\t\t\t\t\t<h2 class=\"elementor-heading-title elementor-size-default\">       Links \u00dateis:<\/h2>\t\t\t\t<\/div>\n\t\t\t\t<\/div>\n\t\t<div class=\"elementor-element elementor-element-e9750be e-grid e-con-full e-con e-child\" data-id=\"e9750be\" data-element_type=\"container\">\n\t\t\t\t<div class=\"elementor-element elementor-element-30ea46f elementor-position-top elementor-widget elementor-widget-image-box\" data-id=\"30ea46f\" data-element_type=\"widget\" data-widget_type=\"image-box.default\">\n\t\t\t\t<div class=\"elementor-widget-container\">\n\t\t\t\t\t<div class=\"elementor-image-box-wrapper\"><figure class=\"elementor-image-box-img\"><a href=\"https:\/\/www.gnr.pt\/\" tabindex=\"-1\"><img loading=\"lazy\" decoding=\"async\" width=\"250\" height=\"250\" src=\"https:\/\/jf-vilar.pt\/wp-content\/uploads\/2025\/02\/GNR.jpg\" class=\"attachment-full size-full wp-image-1252\" alt=\"\" srcset=\"https:\/\/jf-vilar.pt\/wp-content\/uploads\/2025\/02\/GNR.jpg 250w, https:\/\/jf-vilar.pt\/wp-content\/uploads\/2025\/02\/GNR-150x150.jpg 150w\" sizes=\"(max-width: 250px) 100vw, 250px\" \/><\/a><\/figure><div class=\"elementor-image-box-content\"><h3 class=\"elementor-image-box-title\"><a href=\"https:\/\/www.gnr.pt\/\">GNR<\/a><\/h3><\/div><\/div>\t\t\t\t<\/div>\n\t\t\t\t<\/div>\n\t\t\t\t<div class=\"elementor-element elementor-element-93f9c99 elementor-position-top elementor-widget elementor-widget-image-box\" data-id=\"93f9c99\" data-element_type=\"widget\" data-widget_type=\"image-box.default\">\n\t\t\t\t<div class=\"elementor-widget-container\">\n\t\t\t\t\t<div class=\"elementor-image-box-wrapper\"><figure class=\"elementor-image-box-img\"><a href=\"https:\/\/www.cm-cadaval.pt\/\" tabindex=\"-1\"><img loading=\"lazy\" decoding=\"async\" width=\"250\" height=\"250\" src=\"https:\/\/jf-vilar.pt\/wp-content\/uploads\/2025\/02\/CMC.png\" class=\"attachment-full size-full wp-image-1253\" alt=\"\" srcset=\"https:\/\/jf-vilar.pt\/wp-content\/uploads\/2025\/02\/CMC.png 250w, https:\/\/jf-vilar.pt\/wp-content\/uploads\/2025\/02\/CMC-150x150.png 150w\" sizes=\"(max-width: 250px) 100vw, 250px\" \/><\/a><\/figure><div class=\"elementor-image-box-content\"><h3 class=\"elementor-image-box-title\"><a href=\"https:\/\/www.cm-cadaval.pt\/\">Munic\u00edpio do Cadaval <\/a><\/h3><\/div><\/div>\t\t\t\t<\/div>\n\t\t\t\t<\/div>\n\t\t\t\t<div class=\"elementor-element elementor-element-f3cb185 elementor-position-top elementor-widget elementor-widget-image-box\" data-id=\"f3cb185\" data-element_type=\"widget\" data-widget_type=\"image-box.default\">\n\t\t\t\t<div class=\"elementor-widget-container\">\n\t\t\t\t\t<div class=\"elementor-image-box-wrapper\"><figure class=\"elementor-image-box-img\"><a href=\"https:\/\/www.portaldasfinancas.gov.pt\/at\/html\/index.html\" tabindex=\"-1\"><img loading=\"lazy\" decoding=\"async\" width=\"250\" height=\"250\" src=\"https:\/\/jf-vilar.pt\/wp-content\/uploads\/2025\/02\/Financas.jpg\" class=\"attachment-full size-full wp-image-1251\" alt=\"\" srcset=\"https:\/\/jf-vilar.pt\/wp-content\/uploads\/2025\/02\/Financas.jpg 250w, https:\/\/jf-vilar.pt\/wp-content\/uploads\/2025\/02\/Financas-150x150.jpg 150w\" sizes=\"(max-width: 250px) 100vw, 250px\" \/><\/a><\/figure><div class=\"elementor-image-box-content\"><h3 class=\"elementor-image-box-title\"><a href=\"https:\/\/www.portaldasfinancas.gov.pt\/at\/html\/index.html\">Finan\u00e7as<\/a><\/h3><\/div><\/div>\t\t\t\t<\/div>\n\t\t\t\t<\/div>\n\t\t\t\t<div class=\"elementor-element elementor-element-3847adf elementor-position-top elementor-widget elementor-widget-image-box\" data-id=\"3847adf\" data-element_type=\"widget\" data-widget_type=\"image-box.default\">\n\t\t\t\t<div class=\"elementor-widget-container\">\n\t\t\t\t\t<div class=\"elementor-image-box-wrapper\"><figure class=\"elementor-image-box-img\"><a href=\"https:\/\/www.seg-social.pt\/inicio\" tabindex=\"-1\"><img loading=\"lazy\" decoding=\"async\" width=\"250\" height=\"250\" src=\"https:\/\/jf-vilar.pt\/wp-content\/uploads\/2025\/02\/SSSL.jpg\" class=\"attachment-full size-full wp-image-1250\" alt=\"\" srcset=\"https:\/\/jf-vilar.pt\/wp-content\/uploads\/2025\/02\/SSSL.jpg 250w, https:\/\/jf-vilar.pt\/wp-content\/uploads\/2025\/02\/SSSL-150x150.jpg 150w\" sizes=\"(max-width: 250px) 100vw, 250px\" \/><\/a><\/figure><div class=\"elementor-image-box-content\"><h3 class=\"elementor-image-box-title\"><a href=\"https:\/\/www.seg-social.pt\/inicio\">Seguran\u00e7a Social<\/a><\/h3><\/div><\/div>\t\t\t\t<\/div>\n\t\t\t\t<\/div>\n\t\t\t\t<div class=\"elementor-element elementor-element-0a73cc7 elementor-position-top elementor-widget elementor-widget-image-box\" data-id=\"0a73cc7\" data-element_type=\"widget\" data-widget_type=\"image-box.default\">\n\t\t\t\t<div class=\"elementor-widget-container\">\n\t\t\t\t\t<div class=\"elementor-image-box-wrapper\"><figure class=\"elementor-image-box-img\"><a href=\"https:\/\/fogos.icnf.pt:8443\/queimasqueimadas\/login.asp\" tabindex=\"-1\"><img loading=\"lazy\" decoding=\"async\" width=\"250\" height=\"250\" src=\"https:\/\/jf-vilar.pt\/wp-content\/uploads\/2025\/04\/QueimasQueimadas2.png\" class=\"attachment-full size-full wp-image-2164\" alt=\"\" srcset=\"https:\/\/jf-vilar.pt\/wp-content\/uploads\/2025\/04\/QueimasQueimadas2.png 250w, https:\/\/jf-vilar.pt\/wp-content\/uploads\/2025\/04\/QueimasQueimadas2-150x150.png 150w\" sizes=\"(max-width: 250px) 100vw, 250px\" \/><\/a><\/figure><div class=\"elementor-image-box-content\"><h3 class=\"elementor-image-box-title\"><a href=\"https:\/\/fogos.icnf.pt:8443\/queimasqueimadas\/login.asp\">ICNF<\/a><\/h3><\/div><\/div>\t\t\t\t<\/div>\n\t\t\t\t<\/div>\n\t\t\t\t<div class=\"elementor-element elementor-element-bf5763f elementor-position-top elementor-widget elementor-widget-image-box\" data-id=\"bf5763f\" data-element_type=\"widget\" data-widget_type=\"image-box.default\">\n\t\t\t\t<div class=\"elementor-widget-container\">\n\t\t\t\t\t<div class=\"elementor-image-box-wrapper\"><figure class=\"elementor-image-box-img\"><a href=\"https:\/\/www.iefp.pt\/\" tabindex=\"-1\"><img loading=\"lazy\" decoding=\"async\" width=\"250\" height=\"250\" src=\"https:\/\/jf-vilar.pt\/wp-content\/uploads\/2025\/02\/IEFP.jpg\" class=\"attachment-full size-full wp-image-1249\" alt=\"\" srcset=\"https:\/\/jf-vilar.pt\/wp-content\/uploads\/2025\/02\/IEFP.jpg 250w, https:\/\/jf-vilar.pt\/wp-content\/uploads\/2025\/02\/IEFP-150x150.jpg 150w\" sizes=\"(max-width: 250px) 100vw, 250px\" \/><\/a><\/figure><div class=\"elementor-image-box-content\"><h3 class=\"elementor-image-box-title\"><a href=\"https:\/\/www.iefp.pt\/\">IEFP<\/a><\/h3><\/div><\/div>\t\t\t\t<\/div>\n\t\t\t\t<\/div>\n\t\t\t\t<\/div>\n\t\t\t\t<\/div>\n\t\t<div class=\"elementor-element elementor-element-23deb98 e-flex e-con-boxed e-con e-parent\" data-id=\"23deb98\" data-element_type=\"container\" data-settings=\"{&quot;background_background&quot;:&quot;gradient&quot;}\">\n\t\t\t\t\t<div class=\"e-con-inner\">\n\t\t\t\t<div class=\"elementor-element elementor-element-65142a9 elementor-widget elementor-widget-image\" data-id=\"65142a9\" data-element_type=\"widget\" data-widget_type=\"image.default\">\n\t\t\t\t<div class=\"elementor-widget-container\">\n\t\t\t\t\t\t\t\t\t\t\t\t\t\t\t<img decoding=\"async\" width=\"497\" height=\"152\" src=\"https:\/\/jf-vilar.pt\/wp-content\/uploads\/2025\/04\/separador_Esquerda.png\" class=\"attachment-large size-large wp-image-1893\" alt=\"\" srcset=\"https:\/\/jf-vilar.pt\/wp-content\/uploads\/2025\/04\/separador_Esquerda.png 497w, https:\/\/jf-vilar.pt\/wp-content\/uploads\/2025\/04\/separador_Esquerda-300x92.png 300w, https:\/\/jf-vilar.pt\/wp-content\/uploads\/2025\/04\/separador_Esquerda-150x46.png 150w\" sizes=\"(max-width: 497px) 100vw, 497px\" \/>\t\t\t\t\t\t\t\t\t\t\t\t\t\t\t<\/div>\n\t\t\t\t<\/div>\n\t\t\t\t\t<\/div>\n\t\t\t\t<\/div>\n\t\t<div class=\"elementor-element elementor-element-32687f6 e-flex e-con-boxed e-con e-parent\" data-id=\"32687f6\" data-element_type=\"container\">\n\t\t\t\t\t<div class=\"e-con-inner\">\n\t\t\t\t\t<\/div>\n\t\t\t\t<\/div>\n\t\t\t\t<\/div>\n\t\t","protected":false},"excerpt":{"rendered":"<p>Estimados Fregueses,\u00c9 com orgulho e estima que vos sa\u00fado, uma vez mais, na qualidade de Presidente da Junta de Freguesia, mas especialmente como cidad\u00e3o, fregu\u00eas e conterr\u00e2neo. Ser Presidente da Junta significa estar presente, estar dispon\u00edvel, conhecer o territ\u00f3rio e as pessoas na sua ess\u00eancia. As Juntas de Freguesia s\u00e3o o \u00f3rg\u00e3o mais pr\u00f3ximo das [&hellip;]<\/p>\n","protected":false},"author":1,"featured_media":0,"parent":0,"menu_order":0,"comment_status":"closed","ping_status":"closed","template":"","meta":{"_monsterinsights_skip_tracking":false,"_monsterinsights_sitenote_active":false,"_monsterinsights_sitenote_note":"","_monsterinsights_sitenote_category":0,"footnotes":""},"class_list":["post-37","page","type-page","status-publish","hentry"],"aioseo_notices":[],"_links":{"self":[{"href":"https:\/\/jf-vilar.pt\/index.php\/wp-json\/wp\/v2\/pages\/37","targetHints":{"allow":["GET"]}}],"collection":[{"href":"https:\/\/jf-vilar.pt\/index.php\/wp-json\/wp\/v2\/pages"}],"about":[{"href":"https:\/\/jf-vilar.pt\/index.php\/wp-json\/wp\/v2\/types\/page"}],"author":[{"embeddable":true,"href":"https:\/\/jf-vilar.pt\/index.php\/wp-json\/wp\/v2\/users\/1"}],"replies":[{"embeddable":true,"href":"https:\/\/jf-vilar.pt\/index.php\/wp-json\/wp\/v2\/comments?post=37"}],"version-history":[{"count":180,"href":"https:\/\/jf-vilar.pt\/index.php\/wp-json\/wp\/v2\/pages\/37\/revisions"}],"predecessor-version":[{"id":2183,"href":"https:\/\/jf-vilar.pt\/index.php\/wp-json\/wp\/v2\/pages\/37\/revisions\/2183"}],"wp:attachment":[{"href":"https:\/\/jf-vilar.pt\/index.php\/wp-json\/wp\/v2\/media?parent=37"}],"curies":[{"name":"wp","href":"https:\/\/api.w.org\/{rel}","templated":true}]}}