{"id":1059,"date":"2025-02-07T15:41:34","date_gmt":"2025-02-07T15:41:34","guid":{"rendered":"http:\/\/jf-vilar.pt\/?page_id=1059"},"modified":"2025-04-03T13:55:42","modified_gmt":"2025-04-03T12:55:42","slug":"fotos-junta","status":"publish","type":"page","link":"https:\/\/jf-vilar.pt\/index.php\/fotos-junta\/","title":{"rendered":""},"content":{"rendered":"\t\t<div data-elementor-type=\"wp-page\" data-elementor-id=\"1059\" class=\"elementor elementor-1059\">\n\t\t\t\t<div class=\"elementor-element elementor-element-c119b7f e-flex e-con-boxed e-con e-parent\" data-id=\"c119b7f\" data-element_type=\"container\" data-settings=\"{&quot;background_background&quot;:&quot;gradient&quot;}\">\n\t\t\t\t\t<div class=\"e-con-inner\">\n\t\t\t\t<div class=\"elementor-element elementor-element-110d66d elementor-widget elementor-widget-image\" data-id=\"110d66d\" data-element_type=\"widget\" data-widget_type=\"image.default\">\n\t\t\t\t<div class=\"elementor-widget-container\">\n\t\t\t\t\t\t\t\t\t\t\t\t\t\t\t<img fetchpriority=\"high\" decoding=\"async\" width=\"497\" height=\"152\" src=\"https:\/\/jf-vilar.pt\/wp-content\/uploads\/2025\/04\/separador_Esquerda.png\" class=\"attachment-large size-large wp-image-1893\" alt=\"\" srcset=\"https:\/\/jf-vilar.pt\/wp-content\/uploads\/2025\/04\/separador_Esquerda.png 497w, https:\/\/jf-vilar.pt\/wp-content\/uploads\/2025\/04\/separador_Esquerda-300x92.png 300w, https:\/\/jf-vilar.pt\/wp-content\/uploads\/2025\/04\/separador_Esquerda-150x46.png 150w\" sizes=\"(max-width: 497px) 100vw, 497px\" \/>\t\t\t\t\t\t\t\t\t\t\t\t\t\t\t<\/div>\n\t\t\t\t<\/div>\n\t\t\t\t\t<\/div>\n\t\t\t\t<\/div>\n\t\t<div class=\"elementor-element elementor-element-7401e45 e-flex e-con-boxed e-con e-parent\" data-id=\"7401e45\" data-element_type=\"container\" data-settings=\"{&quot;background_background&quot;:&quot;classic&quot;}\">\n\t\t\t\t\t<div class=\"e-con-inner\">\n\t\t\t\t<div class=\"elementor-element elementor-element-c283197 elementor-widget elementor-widget-spacer\" data-id=\"c283197\" data-element_type=\"widget\" data-widget_type=\"spacer.default\">\n\t\t\t\t<div class=\"elementor-widget-container\">\n\t\t\t\t\t\t\t<div class=\"elementor-spacer\">\n\t\t\t<div class=\"elementor-spacer-inner\"><\/div>\n\t\t<\/div>\n\t\t\t\t\t\t<\/div>\n\t\t\t\t<\/div>\n\t\t\t\t<div class=\"elementor-element elementor-element-52f4913 elementor-widget elementor-widget-lsvr_person_list_widget\" data-id=\"52f4913\" data-element_type=\"widget\" data-widget_type=\"lsvr_person_list_widget.default\">\n\t\t\t\t<div class=\"elementor-widget-container\">\n\t\t\t\t\t\n            <div class=\"widget shortcode-widget lsvr_person-list-widget lsvr_person-list-widget--shortcode\"><div class=\"widget__inner\"><h3 class=\"widget__title\">Org\u00e3os da Autarquia \u2013 Junta de Freguesia de Vilar<\/h3>\n<div class=\"widget__content\">\n\n\t\n\t\t<ul class=\"lsvr_person-list-widget__list\">\n\n    \t\t\n    \t\t\t<li class=\"lsvr_person-list-widget__item lsvr_person-list-widget__item--has-thumb\">\n    \t\t\t\t<div class=\"lsvr_person-list-widget__item-inner\">\n\n\t        \t\t\t\n\t        \t\t\t\t<p class=\"lsvr_person-list-widget__item-thumb\">\n\t        \t\t\t\t\t<a href=\"https:\/\/jf-vilar.pt\/index.php\/people\/frank-johns\/\" class=\"lsvr_person-list-widget__item-thumb-link\">\n\t        \t\t\t\t\t\t<img decoding=\"async\" width=\"146\" height=\"150\" src=\"https:\/\/jf-vilar.pt\/wp-content\/uploads\/2018\/03\/PAULO-146x150.jpg\" class=\"attachment-thumbnail size-thumbnail wp-post-image\" alt=\"\" srcset=\"https:\/\/jf-vilar.pt\/wp-content\/uploads\/2018\/03\/PAULO-146x150.jpg 146w, https:\/\/jf-vilar.pt\/wp-content\/uploads\/2018\/03\/PAULO.jpg 191w\" sizes=\"(max-width: 146px) 100vw, 146px\" \/>\t        \t\t\t\t\t<\/a>\n\t        \t\t\t\t<\/p>\n\n\t        \t\t\t\n\t        \t\t\t<h4 class=\"lsvr_person-list-widget__item-title\">\n\t        \t\t\t\t<a href=\"https:\/\/jf-vilar.pt\/index.php\/people\/frank-johns\/\" class=\"lsvr_person-list-widget__item-title-link\">\n\t        \t\t\t\t\tPaulo Jos\u00e9 Reis Duarte\t        \t\t\t\t<\/a>\n\t        \t\t\t<\/h4>\n\n\t        \t\t\t\n\t        \t\t\t\t<p class=\"lsvr_person-list-widget__item-subtitle\">\n\t\t\t\t\t\t\t\tTesoureiro - Junta Freguesia\t        \t\t\t\t<\/p>\n\n\t        \t\t\t\n\t\t\t\t\t\t\n\t\t\t\t\t<\/div>\n    \t\t\t<\/li>\n\n    \t\t\n    \t\t\t<li class=\"lsvr_person-list-widget__item lsvr_person-list-widget__item--has-thumb\">\n    \t\t\t\t<div class=\"lsvr_person-list-widget__item-inner\">\n\n\t        \t\t\t\n\t        \t\t\t\t<p class=\"lsvr_person-list-widget__item-thumb\">\n\t        \t\t\t\t\t<a href=\"https:\/\/jf-vilar.pt\/index.php\/people\/michelle-witty\/\" class=\"lsvr_person-list-widget__item-thumb-link\">\n\t        \t\t\t\t\t\t<img decoding=\"async\" width=\"146\" height=\"150\" src=\"https:\/\/jf-vilar.pt\/wp-content\/uploads\/2018\/03\/Mena-146x150.jpg\" class=\"attachment-thumbnail size-thumbnail wp-post-image\" alt=\"\" srcset=\"https:\/\/jf-vilar.pt\/wp-content\/uploads\/2018\/03\/Mena-146x150.jpg 146w, https:\/\/jf-vilar.pt\/wp-content\/uploads\/2018\/03\/Mena.jpg 191w\" sizes=\"(max-width: 146px) 100vw, 146px\" \/>\t        \t\t\t\t\t<\/a>\n\t        \t\t\t\t<\/p>\n\n\t        \t\t\t\n\t        \t\t\t<h4 class=\"lsvr_person-list-widget__item-title\">\n\t        \t\t\t\t<a href=\"https:\/\/jf-vilar.pt\/index.php\/people\/michelle-witty\/\" class=\"lsvr_person-list-widget__item-title-link\">\n\t        \t\t\t\t\tMaria Filomena Pereira Leit\u00e3o\t        \t\t\t\t<\/a>\n\t        \t\t\t<\/h4>\n\n\t        \t\t\t\n\t        \t\t\t\t<p class=\"lsvr_person-list-widget__item-subtitle\">\n\t\t\t\t\t\t\t\tSecret\u00e1ria\t        \t\t\t\t<\/p>\n\n\t        \t\t\t\n\t\t\t\t\t\t\n\t\t\t\t\t<\/div>\n    \t\t\t<\/li>\n\n    \t\t\n    \t\t\t<li class=\"lsvr_person-list-widget__item lsvr_person-list-widget__item--has-thumb\">\n    \t\t\t\t<div class=\"lsvr_person-list-widget__item-inner\">\n\n\t        \t\t\t\n\t        \t\t\t\t<p class=\"lsvr_person-list-widget__item-thumb\">\n\t        \t\t\t\t\t<a href=\"https:\/\/jf-vilar.pt\/index.php\/people\/antonio-joaquim\/\" class=\"lsvr_person-list-widget__item-thumb-link\">\n\t        \t\t\t\t\t\t<img loading=\"lazy\" decoding=\"async\" width=\"125\" height=\"150\" src=\"https:\/\/jf-vilar.pt\/wp-content\/uploads\/2018\/03\/Antonio_Joaquim-125x150.png\" class=\"attachment-thumbnail size-thumbnail wp-post-image\" alt=\"\" srcset=\"https:\/\/jf-vilar.pt\/wp-content\/uploads\/2018\/03\/Antonio_Joaquim-125x150.png 125w, https:\/\/jf-vilar.pt\/wp-content\/uploads\/2018\/03\/Antonio_Joaquim-251x300.png 251w, https:\/\/jf-vilar.pt\/wp-content\/uploads\/2018\/03\/Antonio_Joaquim.png 703w\" sizes=\"(max-width: 125px) 100vw, 125px\" \/>\t        \t\t\t\t\t<\/a>\n\t        \t\t\t\t<\/p>\n\n\t        \t\t\t\n\t        \t\t\t<h4 class=\"lsvr_person-list-widget__item-title\">\n\t        \t\t\t\t<a href=\"https:\/\/jf-vilar.pt\/index.php\/people\/antonio-joaquim\/\" class=\"lsvr_person-list-widget__item-title-link\">\n\t        \t\t\t\t\tAnt\u00f3nio Joaquim da Silva Pereira\t        \t\t\t\t<\/a>\n\t        \t\t\t<\/h4>\n\n\t        \t\t\t\n\t        \t\t\t\t<p class=\"lsvr_person-list-widget__item-subtitle\">\n\t\t\t\t\t\t\t\tPresidente\t        \t\t\t\t<\/p>\n\n\t        \t\t\t\n\t\t\t\t\t\t\n\t\t\t\t\t<\/div>\n    \t\t\t<\/li>\n\n    \t\t\n\t\t<\/ul>\n\n\t\t\n\t\n<\/div>\n\n<\/div><\/div>\n            \t\t\t\t<\/div>\n\t\t\t\t<\/div>\n\t\t\t\t<div class=\"elementor-element elementor-element-acf7cf0 elementor-widget elementor-widget-spacer\" data-id=\"acf7cf0\" data-element_type=\"widget\" data-widget_type=\"spacer.default\">\n\t\t\t\t<div class=\"elementor-widget-container\">\n\t\t\t\t\t\t\t<div class=\"elementor-spacer\">\n\t\t\t<div class=\"elementor-spacer-inner\"><\/div>\n\t\t<\/div>\n\t\t\t\t\t\t<\/div>\n\t\t\t\t<\/div>\n\t\t\t\t\t<\/div>\n\t\t\t\t<\/div>\n\t\t<div class=\"elementor-element elementor-element-96e3b19 e-flex e-con-boxed e-con e-parent\" data-id=\"96e3b19\" data-element_type=\"container\" data-settings=\"{&quot;background_background&quot;:&quot;classic&quot;}\">\n\t\t\t\t\t<div class=\"e-con-inner\">\n\t\t\t\t<div class=\"elementor-element elementor-element-c5d1efd elementor-widget__width-initial elementor-widget elementor-widget-image\" data-id=\"c5d1efd\" data-element_type=\"widget\" data-widget_type=\"image.default\">\n\t\t\t\t<div class=\"elementor-widget-container\">\n\t\t\t\t\t\t\t\t\t\t\t\t\t\t\t<img loading=\"lazy\" decoding=\"async\" width=\"552\" height=\"147\" src=\"https:\/\/jf-vilar.pt\/wp-content\/uploads\/2025\/04\/separador_Direita.png\" class=\"attachment-large size-large wp-image-1941\" alt=\"\" srcset=\"https:\/\/jf-vilar.pt\/wp-content\/uploads\/2025\/04\/separador_Direita.png 552w, https:\/\/jf-vilar.pt\/wp-content\/uploads\/2025\/04\/separador_Direita-300x80.png 300w, https:\/\/jf-vilar.pt\/wp-content\/uploads\/2025\/04\/separador_Direita-150x40.png 150w\" sizes=\"(max-width: 552px) 100vw, 552px\" \/>\t\t\t\t\t\t\t\t\t\t\t\t\t\t\t<\/div>\n\t\t\t\t<\/div>\n\t\t\t\t\t<\/div>\n\t\t\t\t<\/div>\n\t\t\t\t<\/div>\n\t\t","protected":false},"excerpt":{"rendered":"<p>Org\u00e3os da Autarquia \u2013 Junta de Freguesia de Vilar Paulo Jos\u00e9 Reis Duarte Tesoureiro &#8211; Junta Freguesia Maria Filomena Pereira Leit\u00e3o Secret\u00e1ria Ant\u00f3nio Joaquim da Silva Pereira Presidente<\/p>\n","protected":false},"author":1,"featured_media":0,"parent":0,"menu_order":0,"comment_status":"closed","ping_status":"closed","template":"","meta":{"_monsterinsights_skip_tracking":false,"_monsterinsights_sitenote_active":false,"_monsterinsights_sitenote_note":"","_monsterinsights_sitenote_category":0,"footnotes":""},"class_list":["post-1059","page","type-page","status-publish","hentry"],"aioseo_notices":[],"_links":{"self":[{"href":"https:\/\/jf-vilar.pt\/index.php\/wp-json\/wp\/v2\/pages\/1059","targetHints":{"allow":["GET"]}}],"collection":[{"href":"https:\/\/jf-vilar.pt\/index.php\/wp-json\/wp\/v2\/pages"}],"about":[{"href":"https:\/\/jf-vilar.pt\/index.php\/wp-json\/wp\/v2\/types\/page"}],"author":[{"embeddable":true,"href":"https:\/\/jf-vilar.pt\/index.php\/wp-json\/wp\/v2\/users\/1"}],"replies":[{"embeddable":true,"href":"https:\/\/jf-vilar.pt\/index.php\/wp-json\/wp\/v2\/comments?post=1059"}],"version-history":[{"count":9,"href":"https:\/\/jf-vilar.pt\/index.php\/wp-json\/wp\/v2\/pages\/1059\/revisions"}],"predecessor-version":[{"id":2171,"href":"https:\/\/jf-vilar.pt\/index.php\/wp-json\/wp\/v2\/pages\/1059\/revisions\/2171"}],"wp:attachment":[{"href":"https:\/\/jf-vilar.pt\/index.php\/wp-json\/wp\/v2\/media?parent=1059"}],"curies":[{"name":"wp","href":"https:\/\/api.w.org\/{rel}","templated":true}]}}