{"id":1051,"date":"2025-02-07T15:41:34","date_gmt":"2025-02-07T15:41:34","guid":{"rendered":"http:\/\/jf-vilar.pt\/?page_id=1051"},"modified":"2025-04-29T19:38:37","modified_gmt":"2025-04-29T18:38:37","slug":"heraldica","status":"publish","type":"page","link":"https:\/\/jf-vilar.pt\/index.php\/heraldica\/","title":{"rendered":""},"content":{"rendered":"\t\t<div data-elementor-type=\"wp-page\" data-elementor-id=\"1051\" class=\"elementor elementor-1051\">\n\t\t\t\t<div class=\"elementor-element elementor-element-5c9c551 e-flex e-con-boxed e-con e-parent\" data-id=\"5c9c551\" data-element_type=\"container\" data-settings=\"{&quot;background_background&quot;:&quot;gradient&quot;}\">\n\t\t\t\t\t<div class=\"e-con-inner\">\n\t\t\t\t<div class=\"elementor-element elementor-element-5bd83b3 elementor-widget elementor-widget-spacer\" data-id=\"5bd83b3\" data-element_type=\"widget\" data-widget_type=\"spacer.default\">\n\t\t\t\t<div class=\"elementor-widget-container\">\n\t\t\t\t\t\t\t<div class=\"elementor-spacer\">\n\t\t\t<div class=\"elementor-spacer-inner\"><\/div>\n\t\t<\/div>\n\t\t\t\t\t\t<\/div>\n\t\t\t\t<\/div>\n\t\t\t\t<div class=\"elementor-element elementor-element-b2b9c94 elementor-widget elementor-widget-heading\" data-id=\"b2b9c94\" data-element_type=\"widget\" data-widget_type=\"heading.default\">\n\t\t\t\t<div class=\"elementor-widget-container\">\n\t\t\t\t\t<h2 class=\"elementor-heading-title elementor-size-default\">Her\u00e1ldica<\/h2>\t\t\t\t<\/div>\n\t\t\t\t<\/div>\n\t\t\t\t\t<\/div>\n\t\t\t\t<\/div>\n\t\t<div class=\"elementor-element elementor-element-64d6beba e-flex e-con-boxed e-con e-parent\" data-id=\"64d6beba\" data-element_type=\"container\" data-settings=\"{&quot;background_background&quot;:&quot;classic&quot;}\">\n\t\t\t\t\t<div class=\"e-con-inner\">\n\t\t\t\t<div class=\"elementor-element elementor-element-f201603 elementor-widget elementor-widget-image\" data-id=\"f201603\" data-element_type=\"widget\" data-widget_type=\"image.default\">\n\t\t\t\t<div class=\"elementor-widget-container\">\n\t\t\t\t\t\t\t\t\t\t\t\t\t\t\t<img fetchpriority=\"high\" decoding=\"async\" width=\"552\" height=\"147\" src=\"https:\/\/jf-vilar.pt\/wp-content\/uploads\/2025\/04\/separador_Direita.png\" class=\"attachment-large size-large wp-image-1941\" alt=\"\" srcset=\"https:\/\/jf-vilar.pt\/wp-content\/uploads\/2025\/04\/separador_Direita.png 552w, https:\/\/jf-vilar.pt\/wp-content\/uploads\/2025\/04\/separador_Direita-300x80.png 300w, https:\/\/jf-vilar.pt\/wp-content\/uploads\/2025\/04\/separador_Direita-150x40.png 150w\" sizes=\"(max-width: 552px) 100vw, 552px\" \/>\t\t\t\t\t\t\t\t\t\t\t\t\t\t\t<\/div>\n\t\t\t\t<\/div>\n\t\t\t\t<div class=\"elementor-element elementor-element-12753152 elementor-widget elementor-widget-text-editor\" data-id=\"12753152\" data-element_type=\"widget\" data-widget_type=\"text-editor.default\">\n\t\t\t\t<div class=\"elementor-widget-container\">\n\t\t\t\t\t\t\t\t\t<p><div class=\"wp-block-image\"><\/p>\n<figure class=\"aligncenter size-full\"><img decoding=\"async\" width=\"699\" height=\"354\" class=\"wp-image-1152\" src=\"http:\/\/jf-vilar.pt\/wp-content\/uploads\/2025\/02\/heraldica.gif\" alt=\"\" \/><\/figure>\n<p><\/div><\/p>\n<p>\u00a0<\/p>\n<p>\u00a0<\/p>\n<p><strong>Bras\u00e3o:<\/strong> escudo de outro, arma\u00e7\u00e3o de moinho de negro, vestida de p\u00farpura, acompanhada nos flancos e nos cant\u00f5es, \u00e0 dextra de um ramo de pereira de verde, frutado de vermelho e, \u00e0 sinistra, de um ramo de parreira, de verde, frutado de p\u00farpura; em campanha, um monte de dois c\u00f4moros de verde. Coroa mural de prata de tr\u00eas torres. Listel branco, com a legenda a negro: \u201cVILAR \u2013 CADAVAL\u201d.<\/p>\n<p><\/p>\n<p><strong>Bandeira: <\/strong>p\u00farpura. Cord\u00e3o e borlas de ouro e p\u00farpura. Haste e lan\u00e7a de ouro.<\/p>\n<p><\/p>\n<p><strong>Selo:<\/strong> nos termos da Lei, com a legenda: \u201cJunta de Freguesia de Vilar \u2013 Cadaval\u201d.<\/p>\n<p><\/p>\n<p><strong>Justifica\u00e7\u00e3o dos S\u00edmbolos:<\/strong><\/p>\n<p><\/p>\n<p>Ramo de Pereira e Parreira: Nos flancos e nos cant\u00f5es, \u00e0 dextra, um ramo de pereira de verde, frutado de vermelho e, \u00e0 sinistra, um ramo de parreira de verde, frutado de p\u00farpura.<\/p>\n<p><\/p>\n<p>Representam a primazia das atividades de car\u00e1cter rural na economia da freguesia de Vilar, com especial destaque para a produ\u00e7\u00e3o de pera rocha e de vinho.<\/p>\n<p><\/p>\n<p><strong>Arma\u00e7\u00e3o de Moinho:<\/strong> Em abismo, uma arma\u00e7\u00e3o de moinho de negro, vestida de p\u00farpura.<\/p>\n<p><\/p>\n<p>Representa o patrim\u00f3nio cultural e edificado na freguesia.<\/p>\n<p><\/p>\n<p><strong>Monte:<\/strong> Em campanha, um monte de dois c\u00f4moros de verde.<\/p>\n<p><\/p>\n<p>Representa a localiza\u00e7\u00e3o da freguesia, na \u00e1rea da Serra de Montejunto.<\/p>\n<p><\/p>\n<p>Parecer da Comiss\u00e3o de Her\u00e1ldica emitido em 27 de fevereiro de 2002, nos termos da Lei 53\/91 de 7 de agosto.<\/p>\n<p><\/p>\n<p>Publicado em Di\u00e1rio da Rep\u00fablica \u2013 III S\u00e9rie, n\u00ba 175 \u2013 31 de julho de 2002.<\/p>\n<p><\/p>\n<p>Os S\u00edmbolos Her\u00e1ldicos da Freguesia de Vilar encontram-se registados na Dire\u00e7\u00e3o Geral das Autarquias Locais com o n\u00ba 281\/2002 de 17 de outubro e foi feita a sua apresenta\u00e7\u00e3o p\u00fablica no dia 16 de dezembro de 2002.<\/p>\n<p><\/p>\t\t\t\t\t\t\t\t<\/div>\n\t\t\t\t<\/div>\n\t\t\t\t\t<\/div>\n\t\t\t\t<\/div>\n\t\t<div class=\"elementor-element elementor-element-fde6e02 e-flex e-con-boxed e-con e-parent\" data-id=\"fde6e02\" data-element_type=\"container\" data-settings=\"{&quot;background_background&quot;:&quot;gradient&quot;}\">\n\t\t\t\t\t<div class=\"e-con-inner\">\n\t\t\t\t<div class=\"elementor-element elementor-element-c632bb7 elementor-widget elementor-widget-image\" data-id=\"c632bb7\" data-element_type=\"widget\" data-widget_type=\"image.default\">\n\t\t\t\t<div class=\"elementor-widget-container\">\n\t\t\t\t\t\t\t\t\t\t\t\t\t\t\t<img decoding=\"async\" width=\"497\" height=\"152\" src=\"https:\/\/jf-vilar.pt\/wp-content\/uploads\/2025\/04\/separador_Esquerda.png\" class=\"attachment-large size-large wp-image-1893\" alt=\"\" srcset=\"https:\/\/jf-vilar.pt\/wp-content\/uploads\/2025\/04\/separador_Esquerda.png 497w, https:\/\/jf-vilar.pt\/wp-content\/uploads\/2025\/04\/separador_Esquerda-300x92.png 300w, https:\/\/jf-vilar.pt\/wp-content\/uploads\/2025\/04\/separador_Esquerda-150x46.png 150w\" sizes=\"(max-width: 497px) 100vw, 497px\" \/>\t\t\t\t\t\t\t\t\t\t\t\t\t\t\t<\/div>\n\t\t\t\t<\/div>\n\t\t\t\t\t<\/div>\n\t\t\t\t<\/div>\n\t\t\t\t<\/div>\n\t\t","protected":false},"excerpt":{"rendered":"<p>Her\u00e1ldica \u00a0 \u00a0 Bras\u00e3o: escudo de outro, arma\u00e7\u00e3o de moinho de negro, vestida de p\u00farpura, acompanhada nos flancos e nos cant\u00f5es, \u00e0 dextra de um ramo de pereira de verde, frutado de vermelho e, \u00e0 sinistra, de um ramo de parreira, de verde, frutado de p\u00farpura; em campanha, um monte de dois c\u00f4moros de verde. [&hellip;]<\/p>\n","protected":false},"author":1,"featured_media":1138,"parent":0,"menu_order":0,"comment_status":"closed","ping_status":"closed","template":"","meta":{"_monsterinsights_skip_tracking":false,"_monsterinsights_sitenote_active":false,"_monsterinsights_sitenote_note":"","_monsterinsights_sitenote_category":0,"footnotes":""},"class_list":["post-1051","page","type-page","status-publish","has-post-thumbnail","hentry"],"aioseo_notices":[],"_links":{"self":[{"href":"https:\/\/jf-vilar.pt\/index.php\/wp-json\/wp\/v2\/pages\/1051","targetHints":{"allow":["GET"]}}],"collection":[{"href":"https:\/\/jf-vilar.pt\/index.php\/wp-json\/wp\/v2\/pages"}],"about":[{"href":"https:\/\/jf-vilar.pt\/index.php\/wp-json\/wp\/v2\/types\/page"}],"author":[{"embeddable":true,"href":"https:\/\/jf-vilar.pt\/index.php\/wp-json\/wp\/v2\/users\/1"}],"replies":[{"embeddable":true,"href":"https:\/\/jf-vilar.pt\/index.php\/wp-json\/wp\/v2\/comments?post=1051"}],"version-history":[{"count":14,"href":"https:\/\/jf-vilar.pt\/index.php\/wp-json\/wp\/v2\/pages\/1051\/revisions"}],"predecessor-version":[{"id":2204,"href":"https:\/\/jf-vilar.pt\/index.php\/wp-json\/wp\/v2\/pages\/1051\/revisions\/2204"}],"wp:featuredmedia":[{"embeddable":true,"href":"https:\/\/jf-vilar.pt\/index.php\/wp-json\/wp\/v2\/media\/1138"}],"wp:attachment":[{"href":"https:\/\/jf-vilar.pt\/index.php\/wp-json\/wp\/v2\/media?parent=1051"}],"curies":[{"name":"wp","href":"https:\/\/api.w.org\/{rel}","templated":true}]}}